{"id":23201,"date":"2024-10-29T10:08:27","date_gmt":"2024-10-29T09:08:27","guid":{"rendered":"https:\/\/www.larouelibre.fr\/blog\/?page_id=23201"},"modified":"2024-10-29T10:16:19","modified_gmt":"2024-10-29T09:16:19","slug":"assurance-velo-garantie-vol","status":"publish","type":"page","link":"https:\/\/www.larouelibre.fr\/blog\/assurance-velo-garantie-vol\/","title":{"rendered":"Assurance v\u00e9lo &#8211; Garantie vol"},"content":{"rendered":"\n<h2 class=\"wp-block-heading\">Bicytrust, la couverture vol et casse de votre v\u00e9lo adapt\u00e9e \u00e0 votre besoin.<\/h2>\n\n\n\n<p class=\"has-text-align-justify\">Pens\u00e9e pour et avec des cyclistes, l\u2019assurance vol et casse Bicytrust r\u00e9pond \u00e0 votre besoin de protection au quotidien.<\/p>\n\n\n\n<p class=\"has-text-align-justify\">Vous aimez votre v\u00e9lo et vous l\u2019utilisez r\u00e9guli\u00e8rement pour un usage v\u00e9lotaf ou pour vos loisirs ? Vous redoutez qu\u2019on vous l\u2019ab\u00eeme ou qu\u2019il soit vol\u00e9 ? La couverture vol et casse Bicytrust est faite pour vous !<\/p>\n\n\n\n<p class=\"has-text-align-justify\">Bicytrust, c\u2019est la solution pour&nbsp;<strong>tous les cyclistes<\/strong>&nbsp;qui souhaitent&nbsp;<strong>la meilleure couverture pour leurs v\u00e9los<\/strong>, en toute s\u00e9r\u00e9nit\u00e9.<\/p>\n\n\n<div class=\"wp-block-image\">\n<figure class=\"aligncenter size-full\"><img data-recalc-dims=\"1\" loading=\"lazy\" decoding=\"async\" width=\"696\" height=\"464\" data-attachment-id=\"23159\" data-permalink=\"https:\/\/www.larouelibre.fr\/blog\/2024\/06\/03\/moustache-dimanche-28-la-nouveaute-attendue-de-2024\/moustache2024-jeremie-reuiller-1931-750x500-1\/\" data-orig-file=\"https:\/\/i0.wp.com\/www.larouelibre.fr\/blog\/wp-content\/uploads\/2024\/06\/moustache2024-jeremie-reuiller-1931-750x500-1.jpg?fit=750%2C500&amp;ssl=1\" data-orig-size=\"750,500\" data-comments-opened=\"1\" data-image-meta=\"{&quot;aperture&quot;:&quot;1.6&quot;,&quot;credit&quot;:&quot;Jeremie Reuiller&quot;,&quot;camera&quot;:&quot;Canon EOS R5&quot;,&quot;caption&quot;:&quot;&quot;,&quot;created_timestamp&quot;:&quot;1711634406&quot;,&quot;copyright&quot;:&quot;(c) Ill Prod&quot;,&quot;focal_length&quot;:&quot;85&quot;,&quot;iso&quot;:&quot;125&quot;,&quot;shutter_speed&quot;:&quot;0.00025&quot;,&quot;title&quot;:&quot;&quot;,&quot;orientation&quot;:&quot;0&quot;}\" data-image-title=\"moustache2024-jeremie-reuiller-1931-750&amp;#215;500-1\" data-image-description=\"\" data-image-caption=\"\" data-medium-file=\"https:\/\/i0.wp.com\/www.larouelibre.fr\/blog\/wp-content\/uploads\/2024\/06\/moustache2024-jeremie-reuiller-1931-750x500-1.jpg?fit=600%2C400&amp;ssl=1\" data-large-file=\"https:\/\/i0.wp.com\/www.larouelibre.fr\/blog\/wp-content\/uploads\/2024\/06\/moustache2024-jeremie-reuiller-1931-750x500-1.jpg?fit=696%2C464&amp;ssl=1\" src=\"https:\/\/i0.wp.com\/www.larouelibre.fr\/blog\/wp-content\/uploads\/2024\/06\/moustache2024-jeremie-reuiller-1931-750x500-1.jpg?resize=696%2C464&#038;ssl=1\" alt=\"\" class=\"wp-image-23159\" srcset=\"https:\/\/i0.wp.com\/www.larouelibre.fr\/blog\/wp-content\/uploads\/2024\/06\/moustache2024-jeremie-reuiller-1931-750x500-1.jpg?w=750&amp;ssl=1 750w, https:\/\/i0.wp.com\/www.larouelibre.fr\/blog\/wp-content\/uploads\/2024\/06\/moustache2024-jeremie-reuiller-1931-750x500-1.jpg?resize=600%2C400&amp;ssl=1 600w, https:\/\/i0.wp.com\/www.larouelibre.fr\/blog\/wp-content\/uploads\/2024\/06\/moustache2024-jeremie-reuiller-1931-750x500-1.jpg?resize=696%2C464&amp;ssl=1 696w\" sizes=\"auto, (max-width: 696px) 100vw, 696px\" \/><\/figure>\n<\/div>\n\n\n<h2 class=\"wp-block-heading\">Comment \u00e7a marche ?<\/h2>\n\n\n\n<p><strong>Disponible dans vos magasins La Roue Libre<\/strong><\/p>\n\n\n\n<p class=\"has-text-align-justify\">La garantie vol et casse Bicytrust est uniquement propos\u00e9e par les magasins partenaires dont La Roue Libre Nice et Cagnes-sur-Mer font partis, lors de l\u2019achat de votre v\u00e9lo.<\/p>\n\n\n\n<p><strong>Pour les v\u00e9los neufs ou d\u2019occasion<\/strong><\/p>\n\n\n\n<p class=\"has-text-align-justify\">L\u2019assurance Bicytrust vous est propos\u00e9e lors de l\u2019achat d\u2019un v\u00e9lo neuf ou d\u2019occasion en magasin.&nbsp;<\/p>\n\n\n\n<p><strong>Pour les v\u00e9los \u00e0 assistance \u00e9lectrique ou musculaires<\/strong><\/p>\n\n\n\n<p class=\"has-text-align-justify\">Votre garantie vol et casse Bicytrust s\u2019applique \u00e0 tout type de v\u00e9lo (hors speedbike +45km\/h).<\/p>\n\n\n<div class=\"wp-block-image\">\n<figure class=\"aligncenter size-large\"><img data-recalc-dims=\"1\" loading=\"lazy\" decoding=\"async\" width=\"696\" height=\"464\" data-attachment-id=\"22917\" data-permalink=\"https:\/\/www.larouelibre.fr\/blog\/2023\/05\/25\/operation-fete-des-meres-decouvrez-notre-offre\/samedi27_xroad_1_motion-1-2\/\" data-orig-file=\"https:\/\/i0.wp.com\/www.larouelibre.fr\/blog\/wp-content\/uploads\/2023\/05\/samedi27_Xroad_1_motion-1-1-scaled.jpg?fit=2560%2C1707&amp;ssl=1\" data-orig-size=\"2560,1707\" data-comments-opened=\"1\" data-image-meta=\"{&quot;aperture&quot;:&quot;2&quot;,&quot;credit&quot;:&quot;J\\u00e9r\\u00e9mie Reuiller&quot;,&quot;camera&quot;:&quot;Canon EOS 5D Mark IV&quot;,&quot;caption&quot;:&quot;&quot;,&quot;created_timestamp&quot;:&quot;1593008106&quot;,&quot;copyright&quot;:&quot;\\u00a9 J\\u00e9r\\u00e9mie Reuiller&quot;,&quot;focal_length&quot;:&quot;85&quot;,&quot;iso&quot;:&quot;320&quot;,&quot;shutter_speed&quot;:&quot;0.0004&quot;,&quot;title&quot;:&quot;&quot;,&quot;orientation&quot;:&quot;0&quot;}\" data-image-title=\"samedi27_Xroad_1_motion (1)\" data-image-description=\"\" data-image-caption=\"\" data-medium-file=\"https:\/\/i0.wp.com\/www.larouelibre.fr\/blog\/wp-content\/uploads\/2023\/05\/samedi27_Xroad_1_motion-1-1-scaled.jpg?fit=600%2C400&amp;ssl=1\" data-large-file=\"https:\/\/i0.wp.com\/www.larouelibre.fr\/blog\/wp-content\/uploads\/2023\/05\/samedi27_Xroad_1_motion-1-1-scaled.jpg?fit=696%2C464&amp;ssl=1\" src=\"https:\/\/i0.wp.com\/www.larouelibre.fr\/blog\/wp-content\/uploads\/2023\/05\/samedi27_Xroad_1_motion-1-1.jpg?resize=696%2C464&#038;ssl=1\" alt=\"\" class=\"wp-image-22917\" srcset=\"https:\/\/i0.wp.com\/www.larouelibre.fr\/blog\/wp-content\/uploads\/2023\/05\/samedi27_Xroad_1_motion-1-1-scaled.jpg?resize=1200%2C800&amp;ssl=1 1200w, https:\/\/i0.wp.com\/www.larouelibre.fr\/blog\/wp-content\/uploads\/2023\/05\/samedi27_Xroad_1_motion-1-1-scaled.jpg?resize=600%2C400&amp;ssl=1 600w, https:\/\/i0.wp.com\/www.larouelibre.fr\/blog\/wp-content\/uploads\/2023\/05\/samedi27_Xroad_1_motion-1-1-scaled.jpg?resize=768%2C512&amp;ssl=1 768w, https:\/\/i0.wp.com\/www.larouelibre.fr\/blog\/wp-content\/uploads\/2023\/05\/samedi27_Xroad_1_motion-1-1-scaled.jpg?resize=1536%2C1024&amp;ssl=1 1536w, https:\/\/i0.wp.com\/www.larouelibre.fr\/blog\/wp-content\/uploads\/2023\/05\/samedi27_Xroad_1_motion-1-1-scaled.jpg?w=1392&amp;ssl=1 1392w, https:\/\/i0.wp.com\/www.larouelibre.fr\/blog\/wp-content\/uploads\/2023\/05\/samedi27_Xroad_1_motion-1-1-scaled.jpg?w=2088&amp;ssl=1 2088w\" sizes=\"auto, (max-width: 696px) 100vw, 696px\" \/><\/figure>\n<\/div>\n\n\n<div style=\"height:100px\" aria-hidden=\"true\" class=\"wp-block-spacer\"><\/div>\n\n\n\n<h1 class=\"wp-block-heading\">La garantie vol et casse Bicytrust<\/h1>\n\n\n\n<p>La couverture optimale pour votre v\u00e9lo! Roulez en toute confiance.<\/p>\n\n\n\n<figure class=\"wp-block-image size-large\"><img data-recalc-dims=\"1\" loading=\"lazy\" decoding=\"async\" width=\"696\" height=\"348\" data-attachment-id=\"22806\" data-permalink=\"https:\/\/www.larouelibre.fr\/blog\/2023\/01\/27\/nouveau-velo-longtail-nous-vous-presentons-le-tern-gsd\/gsd-g2-easytomanage\/\" data-orig-file=\"https:\/\/i0.wp.com\/www.larouelibre.fr\/blog\/wp-content\/uploads\/2023\/01\/GSD-G2-easytomanage.jpg?fit=2000%2C1000&amp;ssl=1\" data-orig-size=\"2000,1000\" data-comments-opened=\"1\" data-image-meta=\"{&quot;aperture&quot;:&quot;0&quot;,&quot;credit&quot;:&quot;&quot;,&quot;camera&quot;:&quot;&quot;,&quot;caption&quot;:&quot;&quot;,&quot;created_timestamp&quot;:&quot;0&quot;,&quot;copyright&quot;:&quot;&quot;,&quot;focal_length&quot;:&quot;0&quot;,&quot;iso&quot;:&quot;0&quot;,&quot;shutter_speed&quot;:&quot;0&quot;,&quot;title&quot;:&quot;&quot;,&quot;orientation&quot;:&quot;0&quot;}\" data-image-title=\"GSD-G2-easytomanage\" data-image-description=\"\" data-image-caption=\"\" data-medium-file=\"https:\/\/i0.wp.com\/www.larouelibre.fr\/blog\/wp-content\/uploads\/2023\/01\/GSD-G2-easytomanage.jpg?fit=800%2C400&amp;ssl=1\" data-large-file=\"https:\/\/i0.wp.com\/www.larouelibre.fr\/blog\/wp-content\/uploads\/2023\/01\/GSD-G2-easytomanage.jpg?fit=696%2C348&amp;ssl=1\" src=\"https:\/\/i0.wp.com\/www.larouelibre.fr\/blog\/wp-content\/uploads\/2023\/01\/GSD-G2-easytomanage-1400x700.jpg?resize=696%2C348&#038;ssl=1\" alt=\"\" class=\"wp-image-22806\" srcset=\"https:\/\/i0.wp.com\/www.larouelibre.fr\/blog\/wp-content\/uploads\/2023\/01\/GSD-G2-easytomanage.jpg?resize=1400%2C700&amp;ssl=1 1400w, https:\/\/i0.wp.com\/www.larouelibre.fr\/blog\/wp-content\/uploads\/2023\/01\/GSD-G2-easytomanage.jpg?resize=800%2C400&amp;ssl=1 800w, https:\/\/i0.wp.com\/www.larouelibre.fr\/blog\/wp-content\/uploads\/2023\/01\/GSD-G2-easytomanage.jpg?resize=768%2C384&amp;ssl=1 768w, https:\/\/i0.wp.com\/www.larouelibre.fr\/blog\/wp-content\/uploads\/2023\/01\/GSD-G2-easytomanage.jpg?resize=1536%2C768&amp;ssl=1 1536w, https:\/\/i0.wp.com\/www.larouelibre.fr\/blog\/wp-content\/uploads\/2023\/01\/GSD-G2-easytomanage.jpg?resize=696%2C348&amp;ssl=1 696w, https:\/\/i0.wp.com\/www.larouelibre.fr\/blog\/wp-content\/uploads\/2023\/01\/GSD-G2-easytomanage.jpg?resize=1068%2C534&amp;ssl=1 1068w, https:\/\/i0.wp.com\/www.larouelibre.fr\/blog\/wp-content\/uploads\/2023\/01\/GSD-G2-easytomanage.jpg?resize=1920%2C960&amp;ssl=1 1920w, https:\/\/i0.wp.com\/www.larouelibre.fr\/blog\/wp-content\/uploads\/2023\/01\/GSD-G2-easytomanage.jpg?w=2000&amp;ssl=1 2000w\" sizes=\"auto, (max-width: 696px) 100vw, 696px\" \/><\/figure>\n\n\n\n<h2 class=\"wp-block-heading\">Votre v\u00e9lo a \u00e9t\u00e9 vol\u00e9 ?<\/h2>\n\n\n\n<p class=\"has-text-align-justify\">Vous b\u00e9n\u00e9ficiez&nbsp;<strong>du remplacement \u00e0 valeur d\u2019achat pendant 3 ans<\/strong>&nbsp;: votre v\u00e9lo est remplac\u00e9 par un v\u00e9lo de m\u00eame valeur, et ce pendant 3 ans !<\/p>\n\n\n\n<ul class=\"wp-block-list\">\n<li>Z\u00e9ro franchise<\/li>\n\n\n\n<li>Z\u00e9ro v\u00e9tust\u00e9 pendant 3 ans<\/li>\n<\/ul>\n\n\n\n<h2 class=\"wp-block-heading\">Votre v\u00e9lo a \u00e9t\u00e9 cass\u00e9 ou vandalis\u00e9 ?<\/h2>\n\n\n\n<p class=\"has-text-align-justify\">Vous b\u00e9n\u00e9ficiez de la&nbsp;<strong>remise en \u00e9tat d\u2019origine<\/strong>&nbsp;<strong>de votre v\u00e9lo&nbsp;<\/strong>par le magasin o\u00f9 vous l\u2019avez achet\u00e9!<\/p>\n\n\n\n<h2 class=\"wp-block-heading\">Une assurance en toute transparence<\/h2>\n\n\n\n<p class=\"has-text-align-justify\">Chez Bicytrust, nous vous expliquons\u00a0<strong>clairement les conditions de votre garantie<\/strong>.<\/p>\n\n\n\n<ul class=\"wp-block-list\">\n<li>Votre&nbsp;<strong>v\u00e9lo doit \u00eatre attach\u00e9 \u00e0 un point fixe<\/strong>&nbsp;avec un&nbsp;<strong>antivol certifi\u00e9 Bicytrust<\/strong><\/li>\n<\/ul>\n\n\n\n<ul class=\"wp-block-list\">\n<li>Vous b\u00e9n\u00e9ficiez d&rsquo;un remplacement \u00e0 valeur d&rsquo;achat de votre v\u00e9lo pendant 3 ans.&nbsp;<strong>Pass\u00e9 cette p\u00e9riode, un coefficient de v\u00e9tust\u00e9 s&rsquo;applique<\/strong>&nbsp;: 30% \u00e0 la 4\u00e8me ann\u00e9e, 40% \u00e0 la 5\u00e8me ann\u00e9e, 50% au del\u00e0. Cela signifie que si votre v\u00e9lo est vol\u00e9 au cours de sa 4\u00e8me ann\u00e9e, Bicytrust vous indemnise \u00e0 70% de sa valeur d&rsquo;achat.<\/li>\n\n\n\n<li>Le&nbsp;<strong>vol de batterie n&rsquo;est pas couvert&nbsp;<\/strong>par votre garantie.<\/li>\n<\/ul>\n\n\n<div class=\"wp-block-image\">\n<figure class=\"aligncenter size-large\"><img data-recalc-dims=\"1\" loading=\"lazy\" decoding=\"async\" width=\"696\" height=\"464\" data-attachment-id=\"22810\" data-permalink=\"https:\/\/www.larouelibre.fr\/blog\/2023\/01\/27\/nouveau-velo-longtail-nous-vous-presentons-le-tern-gsd\/r14-2-jpg\/\" data-orig-file=\"https:\/\/i0.wp.com\/www.larouelibre.fr\/blog\/wp-content\/uploads\/2023\/01\/r14-2.jpg.webp?fit=1920%2C1280&amp;ssl=1\" data-orig-size=\"1920,1280\" data-comments-opened=\"1\" data-image-meta=\"{&quot;aperture&quot;:&quot;0&quot;,&quot;credit&quot;:&quot;&quot;,&quot;camera&quot;:&quot;&quot;,&quot;caption&quot;:&quot;&quot;,&quot;created_timestamp&quot;:&quot;0&quot;,&quot;copyright&quot;:&quot;&quot;,&quot;focal_length&quot;:&quot;0&quot;,&quot;iso&quot;:&quot;0&quot;,&quot;shutter_speed&quot;:&quot;0&quot;,&quot;title&quot;:&quot;&quot;,&quot;orientation&quot;:&quot;0&quot;}\" data-image-title=\"r14-2.jpg\" data-image-description=\"\" data-image-caption=\"\" data-medium-file=\"https:\/\/i0.wp.com\/www.larouelibre.fr\/blog\/wp-content\/uploads\/2023\/01\/r14-2.jpg.webp?fit=600%2C400&amp;ssl=1\" data-large-file=\"https:\/\/i0.wp.com\/www.larouelibre.fr\/blog\/wp-content\/uploads\/2023\/01\/r14-2.jpg.webp?fit=696%2C464&amp;ssl=1\" src=\"https:\/\/i0.wp.com\/www.larouelibre.fr\/blog\/wp-content\/uploads\/2023\/01\/r14-2.jpg.webp?resize=696%2C464&#038;ssl=1\" alt=\"\" class=\"wp-image-22810\" srcset=\"https:\/\/i0.wp.com\/www.larouelibre.fr\/blog\/wp-content\/uploads\/2023\/01\/r14-2.jpg.webp?resize=1200%2C800&amp;ssl=1 1200w, https:\/\/i0.wp.com\/www.larouelibre.fr\/blog\/wp-content\/uploads\/2023\/01\/r14-2.jpg.webp?resize=600%2C400&amp;ssl=1 600w, https:\/\/i0.wp.com\/www.larouelibre.fr\/blog\/wp-content\/uploads\/2023\/01\/r14-2.jpg.webp?resize=768%2C512&amp;ssl=1 768w, https:\/\/i0.wp.com\/www.larouelibre.fr\/blog\/wp-content\/uploads\/2023\/01\/r14-2.jpg.webp?resize=1536%2C1024&amp;ssl=1 1536w, https:\/\/i0.wp.com\/www.larouelibre.fr\/blog\/wp-content\/uploads\/2023\/01\/r14-2.jpg.webp?resize=696%2C464&amp;ssl=1 696w, https:\/\/i0.wp.com\/www.larouelibre.fr\/blog\/wp-content\/uploads\/2023\/01\/r14-2.jpg.webp?resize=1068%2C712&amp;ssl=1 1068w, https:\/\/i0.wp.com\/www.larouelibre.fr\/blog\/wp-content\/uploads\/2023\/01\/r14-2.jpg.webp?w=1920&amp;ssl=1 1920w, https:\/\/i0.wp.com\/www.larouelibre.fr\/blog\/wp-content\/uploads\/2023\/01\/r14-2.jpg.webp?w=1392&amp;ssl=1 1392w\" sizes=\"auto, (max-width: 696px) 100vw, 696px\" \/><\/figure>\n<\/div>\n\n\n<h2 class=\"wp-block-heading\">Une prise en charge rapide<\/h2>\n\n\n\n<p class=\"has-text-align-justify\">Les \u00e9quipes Bicytrust sont disponibles et joignables du lundi au vendredi de 10h \u00e0 18h pour traiter toutes vos demandes.&nbsp;<\/p>\n\n\n\n<p class=\"has-text-align-justify\">En cas de sinistre, l\u2019accord pour remplacer ou r\u00e9parer votre v\u00e9lo est donn\u00e9 dans un d\u00e9lai de 48h, une fois votre dossier complet re\u00e7u.<\/p>\n\n\n\n<p class=\"has-text-align-justify\">Bicytrust et votre magasin de v\u00e9lo La Roue Libre travaillent main dans la main pour la prise en charge de votre demande dans les meilleurs d\u00e9lais.<\/p>\n\n\n\n<div style=\"height:60px\" aria-hidden=\"true\" class=\"wp-block-spacer\"><\/div>\n\n\n\n<p class=\"has-text-align-justify\">Vous souhaitez conna\u00eetre les tarifs ou avoir plus d&rsquo;informations sur les modalit\u00e9s, rendez vous en magasin au <strong>20 Boulevard Arm\u00e9e des Alpes \u00e0 Nice<\/strong> ou au <strong>15 avenue de Grasse \u00e0 Cagnes-sur-Mer<\/strong> ou par t\u00e9l\u00e9phone au 04 93 89 62 26.<\/p>\n\n\n\n<div style=\"height:40px\" aria-hidden=\"true\" class=\"wp-block-spacer\"><\/div>\n\n\n\n<div class=\"wp-block-buttons is-layout-flex wp-block-buttons-is-layout-flex\">\n<div class=\"wp-block-button has-custom-width wp-block-button__width-100\"><a class=\"wp-block-button__link wp-element-button\" href=\"https:\/\/www.bicytrust.fr\/\">En savoir + sur Bicytrust<\/a><\/div>\n<\/div>\n","protected":false},"excerpt":{"rendered":"<p>Bicytrust, la couverture vol et casse de votre v\u00e9lo adapt\u00e9e \u00e0 votre besoin. Pens\u00e9e pour et avec des cyclistes, l\u2019assurance vol et casse Bicytrust r\u00e9pond \u00e0 votre besoin de protection au quotidien. Vous aimez votre v\u00e9lo et vous l\u2019utilisez r\u00e9guli\u00e8rement pour un usage v\u00e9lotaf ou pour vos loisirs ? Vous redoutez qu\u2019on vous l\u2019ab\u00eeme ou [&hellip;]<\/p>\n","protected":false},"author":1,"featured_media":0,"parent":0,"menu_order":0,"comment_status":"closed","ping_status":"closed","template":"","meta":{"jetpack_post_was_ever_published":false,"footnotes":""},"class_list":["post-23201","page","type-page","status-publish"],"yoast_head":"<!-- This site is optimized with the Yoast SEO plugin v26.5 - https:\/\/yoast.com\/wordpress\/plugins\/seo\/ -->\n<title>Assurance v\u00e9lo - Garantie vol - La Roue Libre<\/title>\n<meta name=\"robots\" content=\"index, follow, max-snippet:-1, max-image-preview:large, max-video-preview:-1\" \/>\n<link rel=\"canonical\" href=\"https:\/\/www.larouelibre.fr\/blog\/assurance-velo-garantie-vol\/\" \/>\n<meta property=\"og:locale\" content=\"fr_FR\" \/>\n<meta property=\"og:type\" content=\"article\" \/>\n<meta property=\"og:title\" content=\"Assurance v\u00e9lo - Garantie vol - La Roue Libre\" \/>\n<meta property=\"og:description\" content=\"Bicytrust, la couverture vol et casse de votre v\u00e9lo adapt\u00e9e \u00e0 votre besoin. Pens\u00e9e pour et avec des cyclistes, l\u2019assurance vol et casse Bicytrust r\u00e9pond \u00e0 votre besoin de protection au quotidien. Vous aimez votre v\u00e9lo et vous l\u2019utilisez r\u00e9guli\u00e8rement pour un usage v\u00e9lotaf ou pour vos loisirs ? Vous redoutez qu\u2019on vous l\u2019ab\u00eeme ou [&hellip;]\" \/>\n<meta property=\"og:url\" content=\"https:\/\/www.larouelibre.fr\/blog\/assurance-velo-garantie-vol\/\" \/>\n<meta property=\"og:site_name\" content=\"La Roue Libre\" \/>\n<meta property=\"article:modified_time\" content=\"2024-10-29T09:16:19+00:00\" \/>\n<meta property=\"og:image\" content=\"https:\/\/www.larouelibre.fr\/blog\/wp-content\/uploads\/2024\/06\/moustache2024-jeremie-reuiller-1931-750x500-1.jpg\" \/>\n<meta name=\"twitter:card\" content=\"summary_large_image\" \/>\n<meta name=\"twitter:label1\" content=\"Dur\u00e9e de lecture estim\u00e9e\" \/>\n\t<meta name=\"twitter:data1\" content=\"4 minutes\" \/>\n<script type=\"application\/ld+json\" class=\"yoast-schema-graph\">{\"@context\":\"https:\/\/schema.org\",\"@graph\":[{\"@type\":\"WebPage\",\"@id\":\"https:\/\/www.larouelibre.fr\/blog\/assurance-velo-garantie-vol\/\",\"url\":\"https:\/\/www.larouelibre.fr\/blog\/assurance-velo-garantie-vol\/\",\"name\":\"Assurance v\u00e9lo - Garantie vol - La Roue Libre\",\"isPartOf\":{\"@id\":\"https:\/\/www.larouelibre.fr\/blog\/#website\"},\"primaryImageOfPage\":{\"@id\":\"https:\/\/www.larouelibre.fr\/blog\/assurance-velo-garantie-vol\/#primaryimage\"},\"image\":{\"@id\":\"https:\/\/www.larouelibre.fr\/blog\/assurance-velo-garantie-vol\/#primaryimage\"},\"thumbnailUrl\":\"https:\/\/www.larouelibre.fr\/blog\/wp-content\/uploads\/2024\/06\/moustache2024-jeremie-reuiller-1931-750x500-1.jpg\",\"datePublished\":\"2024-10-29T09:08:27+00:00\",\"dateModified\":\"2024-10-29T09:16:19+00:00\",\"breadcrumb\":{\"@id\":\"https:\/\/www.larouelibre.fr\/blog\/assurance-velo-garantie-vol\/#breadcrumb\"},\"inLanguage\":\"fr-FR\",\"potentialAction\":[{\"@type\":\"ReadAction\",\"target\":[\"https:\/\/www.larouelibre.fr\/blog\/assurance-velo-garantie-vol\/\"]}]},{\"@type\":\"ImageObject\",\"inLanguage\":\"fr-FR\",\"@id\":\"https:\/\/www.larouelibre.fr\/blog\/assurance-velo-garantie-vol\/#primaryimage\",\"url\":\"https:\/\/i0.wp.com\/www.larouelibre.fr\/blog\/wp-content\/uploads\/2024\/06\/moustache2024-jeremie-reuiller-1931-750x500-1.jpg?fit=750%2C500&ssl=1\",\"contentUrl\":\"https:\/\/i0.wp.com\/www.larouelibre.fr\/blog\/wp-content\/uploads\/2024\/06\/moustache2024-jeremie-reuiller-1931-750x500-1.jpg?fit=750%2C500&ssl=1\",\"width\":750,\"height\":500},{\"@type\":\"BreadcrumbList\",\"@id\":\"https:\/\/www.larouelibre.fr\/blog\/assurance-velo-garantie-vol\/#breadcrumb\",\"itemListElement\":[{\"@type\":\"ListItem\",\"position\":1,\"name\":\"Accueil\",\"item\":\"https:\/\/www.larouelibre.fr\/blog\/\"},{\"@type\":\"ListItem\",\"position\":2,\"name\":\"Assurance v\u00e9lo &#8211; Garantie vol\"}]},{\"@type\":\"WebSite\",\"@id\":\"https:\/\/www.larouelibre.fr\/blog\/#website\",\"url\":\"https:\/\/www.larouelibre.fr\/blog\/\",\"name\":\"La Roue Libre\",\"description\":\"Votre sp\u00e9cialiste cycle, v\u00e9lo \u00e9lectrique, vtt, v\u00e9lo route \u00e0 Nice et cagnes sur mer\",\"potentialAction\":[{\"@type\":\"SearchAction\",\"target\":{\"@type\":\"EntryPoint\",\"urlTemplate\":\"https:\/\/www.larouelibre.fr\/blog\/?s={search_term_string}\"},\"query-input\":{\"@type\":\"PropertyValueSpecification\",\"valueRequired\":true,\"valueName\":\"search_term_string\"}}],\"inLanguage\":\"fr-FR\"}]}<\/script>\n<!-- \/ Yoast SEO plugin. -->","yoast_head_json":{"title":"Assurance v\u00e9lo - Garantie vol - La Roue Libre","robots":{"index":"index","follow":"follow","max-snippet":"max-snippet:-1","max-image-preview":"max-image-preview:large","max-video-preview":"max-video-preview:-1"},"canonical":"https:\/\/www.larouelibre.fr\/blog\/assurance-velo-garantie-vol\/","og_locale":"fr_FR","og_type":"article","og_title":"Assurance v\u00e9lo - Garantie vol - La Roue Libre","og_description":"Bicytrust, la couverture vol et casse de votre v\u00e9lo adapt\u00e9e \u00e0 votre besoin. Pens\u00e9e pour et avec des cyclistes, l\u2019assurance vol et casse Bicytrust r\u00e9pond \u00e0 votre besoin de protection au quotidien. Vous aimez votre v\u00e9lo et vous l\u2019utilisez r\u00e9guli\u00e8rement pour un usage v\u00e9lotaf ou pour vos loisirs ? Vous redoutez qu\u2019on vous l\u2019ab\u00eeme ou [&hellip;]","og_url":"https:\/\/www.larouelibre.fr\/blog\/assurance-velo-garantie-vol\/","og_site_name":"La Roue Libre","article_modified_time":"2024-10-29T09:16:19+00:00","og_image":[{"url":"https:\/\/www.larouelibre.fr\/blog\/wp-content\/uploads\/2024\/06\/moustache2024-jeremie-reuiller-1931-750x500-1.jpg","type":"","width":"","height":""}],"twitter_card":"summary_large_image","twitter_misc":{"Dur\u00e9e de lecture estim\u00e9e":"4 minutes"},"schema":{"@context":"https:\/\/schema.org","@graph":[{"@type":"WebPage","@id":"https:\/\/www.larouelibre.fr\/blog\/assurance-velo-garantie-vol\/","url":"https:\/\/www.larouelibre.fr\/blog\/assurance-velo-garantie-vol\/","name":"Assurance v\u00e9lo - Garantie vol - La Roue Libre","isPartOf":{"@id":"https:\/\/www.larouelibre.fr\/blog\/#website"},"primaryImageOfPage":{"@id":"https:\/\/www.larouelibre.fr\/blog\/assurance-velo-garantie-vol\/#primaryimage"},"image":{"@id":"https:\/\/www.larouelibre.fr\/blog\/assurance-velo-garantie-vol\/#primaryimage"},"thumbnailUrl":"https:\/\/www.larouelibre.fr\/blog\/wp-content\/uploads\/2024\/06\/moustache2024-jeremie-reuiller-1931-750x500-1.jpg","datePublished":"2024-10-29T09:08:27+00:00","dateModified":"2024-10-29T09:16:19+00:00","breadcrumb":{"@id":"https:\/\/www.larouelibre.fr\/blog\/assurance-velo-garantie-vol\/#breadcrumb"},"inLanguage":"fr-FR","potentialAction":[{"@type":"ReadAction","target":["https:\/\/www.larouelibre.fr\/blog\/assurance-velo-garantie-vol\/"]}]},{"@type":"ImageObject","inLanguage":"fr-FR","@id":"https:\/\/www.larouelibre.fr\/blog\/assurance-velo-garantie-vol\/#primaryimage","url":"https:\/\/i0.wp.com\/www.larouelibre.fr\/blog\/wp-content\/uploads\/2024\/06\/moustache2024-jeremie-reuiller-1931-750x500-1.jpg?fit=750%2C500&ssl=1","contentUrl":"https:\/\/i0.wp.com\/www.larouelibre.fr\/blog\/wp-content\/uploads\/2024\/06\/moustache2024-jeremie-reuiller-1931-750x500-1.jpg?fit=750%2C500&ssl=1","width":750,"height":500},{"@type":"BreadcrumbList","@id":"https:\/\/www.larouelibre.fr\/blog\/assurance-velo-garantie-vol\/#breadcrumb","itemListElement":[{"@type":"ListItem","position":1,"name":"Accueil","item":"https:\/\/www.larouelibre.fr\/blog\/"},{"@type":"ListItem","position":2,"name":"Assurance v\u00e9lo &#8211; Garantie vol"}]},{"@type":"WebSite","@id":"https:\/\/www.larouelibre.fr\/blog\/#website","url":"https:\/\/www.larouelibre.fr\/blog\/","name":"La Roue Libre","description":"Votre sp\u00e9cialiste cycle, v\u00e9lo \u00e9lectrique, vtt, v\u00e9lo route \u00e0 Nice et cagnes sur mer","potentialAction":[{"@type":"SearchAction","target":{"@type":"EntryPoint","urlTemplate":"https:\/\/www.larouelibre.fr\/blog\/?s={search_term_string}"},"query-input":{"@type":"PropertyValueSpecification","valueRequired":true,"valueName":"search_term_string"}}],"inLanguage":"fr-FR"}]}},"jetpack_sharing_enabled":true,"jetpack_shortlink":"https:\/\/wp.me\/P7po7v-62d","jetpack-related-posts":[{"id":20279,"url":"https:\/\/www.larouelibre.fr\/blog\/atelier\/etude-posturale-bikefitting\/","url_meta":{"origin":23201,"position":0},"title":"Etude Posturale &#8211; Bikefitting","author":"La Roue Libre","date":"29 novembre 2018","format":false,"excerpt":"Pour chaque type d\u2019usage, une bonne position sur le v\u00e9lo est essentielle. C\u2019est la r\u00e9sultante d\u2019un parfait dosage entre puissance, efficacit\u00e9, r\u00e9sistance et confort. Une bonne position peut \u00e9viter les blessures et accro\u00eetre le confort tout en roulant en v\u00e9lo !\u00a0BikeFitting\u00a0a con\u00e7u un concept modulaire pour chaque type de cycliste,\u2026","rel":"","context":"Article similaire","block_context":{"text":"Article similaire","link":""},"img":{"alt_text":"","src":"https:\/\/i0.wp.com\/www.larouelibre.fr\/blog\/wp-content\/uploads\/2018\/11\/image_bikefitting.jpg?fit=1092%2C815&ssl=1&resize=350%2C200","width":350,"height":200,"srcset":"https:\/\/i0.wp.com\/www.larouelibre.fr\/blog\/wp-content\/uploads\/2018\/11\/image_bikefitting.jpg?fit=1092%2C815&ssl=1&resize=350%2C200 1x, https:\/\/i0.wp.com\/www.larouelibre.fr\/blog\/wp-content\/uploads\/2018\/11\/image_bikefitting.jpg?fit=1092%2C815&ssl=1&resize=525%2C300 1.5x, https:\/\/i0.wp.com\/www.larouelibre.fr\/blog\/wp-content\/uploads\/2018\/11\/image_bikefitting.jpg?fit=1092%2C815&ssl=1&resize=700%2C400 2x, https:\/\/i0.wp.com\/www.larouelibre.fr\/blog\/wp-content\/uploads\/2018\/11\/image_bikefitting.jpg?fit=1092%2C815&ssl=1&resize=1050%2C600 3x"},"classes":[]},{"id":20296,"url":"https:\/\/www.larouelibre.fr\/blog\/atelier\/reglage-cales-chaussures\/","url_meta":{"origin":23201,"position":1},"title":"R\u00e9glage cales chaussures","author":"La Roue Libre","date":"30 novembre 2018","format":false,"excerpt":"Votre atelier La Roue Libre Nice vous propose une \u00e9tude MorphoLogics ML Cleat pour obtenir le r\u00e9glage id\u00e9al de vos cales de chaussures cyclistes. Que ce soit pour la route ou le vtt, une \u00e9tude est possible au tarif unique de\u00a030\u20ac. \u00a0Pr\u00e9sentation du MorphoLogics ML Cleat\u00a0 L\u2019appareil ML Cleat \u00ae,\u2026","rel":"","context":"Article similaire","block_context":{"text":"Article similaire","link":""},"img":{"alt_text":"","src":"https:\/\/i0.wp.com\/www.larouelibre.fr\/blog\/wp-content\/uploads\/2018\/11\/morphologics_image.jpg?resize=350%2C200&ssl=1","width":350,"height":200,"srcset":"https:\/\/i0.wp.com\/www.larouelibre.fr\/blog\/wp-content\/uploads\/2018\/11\/morphologics_image.jpg?resize=350%2C200&ssl=1 1x, https:\/\/i0.wp.com\/www.larouelibre.fr\/blog\/wp-content\/uploads\/2018\/11\/morphologics_image.jpg?resize=525%2C300&ssl=1 1.5x, https:\/\/i0.wp.com\/www.larouelibre.fr\/blog\/wp-content\/uploads\/2018\/11\/morphologics_image.jpg?resize=700%2C400&ssl=1 2x, https:\/\/i0.wp.com\/www.larouelibre.fr\/blog\/wp-content\/uploads\/2018\/11\/morphologics_image.jpg?resize=1050%2C600&ssl=1 3x"},"classes":[]},{"id":16055,"url":"https:\/\/www.larouelibre.fr\/blog\/location\/conditions\/","url_meta":{"origin":23201,"position":2},"title":"Conditions","author":"La Roue Libre","date":"18 mai 2017","format":false,"excerpt":"NOS TARIFS \u2013 OUR PRICES Retrouvez l\u2019ensemble de nos tarifs et mod\u00e8les sur cette page. Find all of our prices and models on this page. Toute r\u00e9servation valid\u00e9e est due. Toute demande de location devra \u00eatre formul\u00e9e 48H \u00e0 l\u2019avance.Toute modification dans les 48h pr\u00e9c\u00e9dent la location sera factur\u00e9e 15\u2026","rel":"","context":"Article similaire","block_context":{"text":"Article similaire","link":""},"img":{"alt_text":"","src":"","width":0,"height":0},"classes":[]},{"id":15941,"url":"https:\/\/www.larouelibre.fr\/blog\/velo-electrique\/comprendre-le-vae\/","url_meta":{"origin":23201,"position":3},"title":"Comprendre le VAE","author":"La Roue Libre","date":"13 avril 2017","format":false,"excerpt":"Le VAE ou v\u00e9lo \u00e0 assistance \u00e9lectrique, est de plus en plus r\u00e9pandu de nos jours, mais comment marche t-il? Cette page vous permettra de mieux le comprendre et surtout de conna\u00eetre vos besoins et quel type de moteur ou batterie choisir pour votre futur achat! Le v\u00e9lo \u00e0 assistance\u2026","rel":"","context":"Article similaire","block_context":{"text":"Article similaire","link":""},"img":{"alt_text":"","src":"","width":0,"height":0},"classes":[]},{"id":16065,"url":"https:\/\/www.larouelibre.fr\/blog\/location\/reservation\/","url_meta":{"origin":23201,"position":4},"title":"R\u00e9servation","author":"La Roue Libre","date":"18 mai 2017","format":false,"excerpt":"IMPORTANT Location sous r\u00e9serve de disponibilit\u00e9. Toute r\u00e9servation valid\u00e9e est due. Toute demande de location devra \u00eatre formul\u00e9e 48H \u00e0 l\u2019avance.Toute modification dans les 48h pr\u00e9c\u00e9dent la location sera factur\u00e9e 15 \u20ac. Les locations sont uniquement disponibles dans votre magasin La Roue Libre Nice au 20 Boulevard Arm\u00e9e des Alpes.\u2026","rel":"","context":"Article similaire","block_context":{"text":"Article similaire","link":""},"img":{"alt_text":"","src":"","width":0,"height":0},"classes":[]},{"id":16125,"url":"https:\/\/www.larouelibre.fr\/blog\/velo-electrique\/subventions-credits-impot\/","url_meta":{"origin":23201,"position":5},"title":"Subventions | Cr\u00e9dits Imp\u00f4t","author":"La Roue Libre","date":"18 mai 2017","format":false,"excerpt":"SUBVENTIONS: AIDE DE L'ETAT La subvention VAE:\u00a0Il s'agit d'une aide financi\u00e8re propos\u00e9e par l'Etat fran\u00e7ais lors de l'achat d'un V\u00e9lo \u00e0 assistance \u00e9lectrique pouvant absorber jusqu'\u00e0 33% du prix d'acquisition du VAE. Cette subvention fait partie de la loi relative \u00e0 la\u00a0transition \u00e9cologique, l'Etat encourageant\u00a0tous les Fran\u00e7ais \u00e0 modifier leurs\u2026","rel":"","context":"Article similaire","block_context":{"text":"Article similaire","link":""},"img":{"alt_text":"","src":"","width":0,"height":0},"classes":[]}],"_links":{"self":[{"href":"https:\/\/www.larouelibre.fr\/blog\/wp-json\/wp\/v2\/pages\/23201","targetHints":{"allow":["GET"]}}],"collection":[{"href":"https:\/\/www.larouelibre.fr\/blog\/wp-json\/wp\/v2\/pages"}],"about":[{"href":"https:\/\/www.larouelibre.fr\/blog\/wp-json\/wp\/v2\/types\/page"}],"author":[{"embeddable":true,"href":"https:\/\/www.larouelibre.fr\/blog\/wp-json\/wp\/v2\/users\/1"}],"replies":[{"embeddable":true,"href":"https:\/\/www.larouelibre.fr\/blog\/wp-json\/wp\/v2\/comments?post=23201"}],"version-history":[{"count":3,"href":"https:\/\/www.larouelibre.fr\/blog\/wp-json\/wp\/v2\/pages\/23201\/revisions"}],"predecessor-version":[{"id":23207,"href":"https:\/\/www.larouelibre.fr\/blog\/wp-json\/wp\/v2\/pages\/23201\/revisions\/23207"}],"wp:attachment":[{"href":"https:\/\/www.larouelibre.fr\/blog\/wp-json\/wp\/v2\/media?parent=23201"}],"curies":[{"name":"wp","href":"https:\/\/api.w.org\/{rel}","templated":true}]}}