{"id":20279,"date":"2018-11-29T12:06:53","date_gmt":"2018-11-29T11:06:53","guid":{"rendered":"https:\/\/www.larouelibre.fr\/blog\/?page_id=20279"},"modified":"2022-04-25T11:01:13","modified_gmt":"2022-04-25T09:01:13","slug":"etude-posturale-bikefitting","status":"publish","type":"page","link":"https:\/\/www.larouelibre.fr\/blog\/atelier\/etude-posturale-bikefitting\/","title":{"rendered":"Etude Posturale &#8211; Bikefitting"},"content":{"rendered":"\n<p class=\"has-text-align-justify\">Pour chaque type d\u2019usage, une bonne position sur le v\u00e9lo est essentielle. C\u2019est la r\u00e9sultante d\u2019un parfait dosage entre puissance, efficacit\u00e9, r\u00e9sistance et confort. Une bonne position peut \u00e9viter les blessures et accro\u00eetre le confort tout en roulant en v\u00e9lo !<strong>\u00a0BikeFitting<\/strong>\u00a0a con\u00e7u un concept modulaire pour chaque type de cycliste, du v\u00e9lo utilitaire au v\u00e9lo de route haut de gamme.<br><\/p>\n\n\n\n<figure class=\"wp-block-image size-full\"><img data-recalc-dims=\"1\" loading=\"lazy\" decoding=\"async\" width=\"696\" height=\"106\" data-attachment-id=\"20287\" data-permalink=\"https:\/\/www.larouelibre.fr\/blog\/atelier\/etude-posturale-bikefitting\/image_bikefitting_bandeau\/\" data-orig-file=\"https:\/\/i0.wp.com\/www.larouelibre.fr\/blog\/wp-content\/uploads\/2018\/11\/image_bikefitting_bandeau-e1543490504176.jpg?fit=1092%2C166&amp;ssl=1\" data-orig-size=\"1092,166\" data-comments-opened=\"1\" data-image-meta=\"{&quot;aperture&quot;:&quot;0&quot;,&quot;credit&quot;:&quot;Pierre Franco&quot;,&quot;camera&quot;:&quot;&quot;,&quot;caption&quot;:&quot;&quot;,&quot;created_timestamp&quot;:&quot;1543483285&quot;,&quot;copyright&quot;:&quot;&quot;,&quot;focal_length&quot;:&quot;0&quot;,&quot;iso&quot;:&quot;0&quot;,&quot;shutter_speed&quot;:&quot;0&quot;,&quot;title&quot;:&quot;&quot;,&quot;orientation&quot;:&quot;0&quot;}\" data-image-title=\"image_bikefitting_bandeau\" data-image-description=\"\" data-image-caption=\"\" data-medium-file=\"https:\/\/i0.wp.com\/www.larouelibre.fr\/blog\/wp-content\/uploads\/2018\/11\/image_bikefitting_bandeau-e1543490504176.jpg?fit=800%2C122&amp;ssl=1\" data-large-file=\"https:\/\/i0.wp.com\/www.larouelibre.fr\/blog\/wp-content\/uploads\/2018\/11\/image_bikefitting_bandeau-e1543490504176.jpg?fit=696%2C106&amp;ssl=1\" src=\"https:\/\/i0.wp.com\/www.larouelibre.fr\/blog\/wp-content\/uploads\/2018\/11\/image_bikefitting_bandeau-e1543490504176.jpg?resize=696%2C106&#038;ssl=1\" alt=\"\" class=\"wp-image-20287\" srcset=\"https:\/\/i0.wp.com\/www.larouelibre.fr\/blog\/wp-content\/uploads\/2018\/11\/image_bikefitting_bandeau-e1543490504176.jpg?w=1092&amp;ssl=1 1092w, https:\/\/i0.wp.com\/www.larouelibre.fr\/blog\/wp-content\/uploads\/2018\/11\/image_bikefitting_bandeau-e1543490504176.jpg?resize=800%2C122&amp;ssl=1 800w, https:\/\/i0.wp.com\/www.larouelibre.fr\/blog\/wp-content\/uploads\/2018\/11\/image_bikefitting_bandeau-e1543490504176.jpg?resize=768%2C117&amp;ssl=1 768w, https:\/\/i0.wp.com\/www.larouelibre.fr\/blog\/wp-content\/uploads\/2018\/11\/image_bikefitting_bandeau-e1543490504176.jpg?resize=600%2C91&amp;ssl=1 600w\" sizes=\"auto, (max-width: 696px) 100vw, 696px\" \/><\/figure>\n\n\n\n<p class=\"has-text-align-justify\">\u2022 Un syst\u00e8me de mesure statique, une proc\u00e9dure rapide et efficace pour trouver le v\u00e9lo ad\u00e9quat en s\u2019appuyant sur des mesures anatomiques pr\u00e9cises et reproductibles du cycliste.<br>\u2022 D\u00e9terminez le positionnement correct avec le simulateur de position en utilisant les coordonn\u00e9es XY \u00e0 guidage laser. Veillez \u00e0 ce que les changements qui sont effectu\u00e9s soient valid\u00e9s par notre analyseur de p\u00e9dalage, en examinant attentivement les aptitudes sp\u00e9cifiques au cycliste au travers d\u2019une analyse d\u00e9taill\u00e9e des forces appliqu\u00e9es sur la p\u00e9dale, dans trois sens.<br>\u2022 Le syst\u00e8me haut de gamme de capture et analyse du mouvement constitue le summum du concept Bikefitting. Ce capteur ultra pr\u00e9cis pour l\u2019analyse en 3D est d\u00e9velopp\u00e9 en collaboration avec l\u2019\u00e9quipe Shimano Dynamics Lab afin de garantir le r\u00e9glage dynamique le plus rapide et le plus pr\u00e9cis possible !<\/p>\n\n\n\n<div class=\"wp-block-image\"><figure class=\"aligncenter size-full\"><img data-recalc-dims=\"1\" loading=\"lazy\" decoding=\"async\" width=\"573\" height=\"425\" data-attachment-id=\"22451\" data-permalink=\"https:\/\/www.larouelibre.fr\/blog\/atelier\/etude-posturale-bikefitting\/1-prod-1-e1543490383349\/\" data-orig-file=\"https:\/\/i0.wp.com\/www.larouelibre.fr\/blog\/wp-content\/uploads\/2022\/04\/1-prod-1-e1543490383349.webp?fit=573%2C425&amp;ssl=1\" data-orig-size=\"573,425\" data-comments-opened=\"1\" data-image-meta=\"{&quot;aperture&quot;:&quot;0&quot;,&quot;credit&quot;:&quot;&quot;,&quot;camera&quot;:&quot;&quot;,&quot;caption&quot;:&quot;&quot;,&quot;created_timestamp&quot;:&quot;0&quot;,&quot;copyright&quot;:&quot;&quot;,&quot;focal_length&quot;:&quot;0&quot;,&quot;iso&quot;:&quot;0&quot;,&quot;shutter_speed&quot;:&quot;0&quot;,&quot;title&quot;:&quot;&quot;,&quot;orientation&quot;:&quot;0&quot;}\" data-image-title=\"1-prod-1-e1543490383349\" data-image-description=\"\" data-image-caption=\"\" data-medium-file=\"https:\/\/i0.wp.com\/www.larouelibre.fr\/blog\/wp-content\/uploads\/2022\/04\/1-prod-1-e1543490383349.webp?fit=539%2C400&amp;ssl=1\" data-large-file=\"https:\/\/i0.wp.com\/www.larouelibre.fr\/blog\/wp-content\/uploads\/2022\/04\/1-prod-1-e1543490383349.webp?fit=573%2C425&amp;ssl=1\" src=\"https:\/\/i0.wp.com\/www.larouelibre.fr\/blog\/wp-content\/uploads\/2022\/04\/1-prod-1-e1543490383349.webp?resize=573%2C425&#038;ssl=1\" alt=\"\" class=\"wp-image-22451\" srcset=\"https:\/\/i0.wp.com\/www.larouelibre.fr\/blog\/wp-content\/uploads\/2022\/04\/1-prod-1-e1543490383349.webp?w=573&amp;ssl=1 573w, https:\/\/i0.wp.com\/www.larouelibre.fr\/blog\/wp-content\/uploads\/2022\/04\/1-prod-1-e1543490383349.webp?resize=539%2C400&amp;ssl=1 539w, https:\/\/i0.wp.com\/www.larouelibre.fr\/blog\/wp-content\/uploads\/2022\/04\/1-prod-1-e1543490383349.webp?resize=485%2C360&amp;ssl=1 485w\" sizes=\"auto, (max-width: 573px) 100vw, 573px\" \/><\/figure><\/div>\n\n\n\n<p class=\"has-text-align-justify\">Le\u00a0<strong>\u00ab syst\u00e8me de mesure statique \u00bb<\/strong>\u00a0est le fondement de Bikefitting. La saisie de 10 mesures suffit pour qu\u2019il transpose les valeurs anthropom\u00e9triques du cycliste en une position cycliste, adapt\u00e9e en fonction de la discipline et de certaines pr\u00e9f\u00e9rences. Au fil des ann\u00e9es, Bikefitting a perfectionn\u00e9 le syst\u00e8me de mesure statique afin de fournir des donn\u00e9es encore plus fiables pour vendre le v\u00e9lo ad\u00e9quat. <\/p>\n\n\n\n<p class=\"has-text-align-justify\">Non seulement il vous donnera les indications chiffr\u00e9es pour fabriquer un cadre personnalis\u00e9, mais il les transposera \u00e9galement \u00e0 plus de 60 marques et 3 000 cadres de v\u00e9lo afin de d\u00e9terminer et calculer la taille de cadre id\u00e9ale pour le cycliste. Cette \u00e9tape est le point de d\u00e9part de tous les autres r\u00e9glages inclus dans ce programme. Elle donne les donn\u00e9es XY qui guident la configuration du simulateur de position. De plus, elle s\u2019int\u00e8gre compl\u00e8tement \u00e0 l\u2019optimisation finale r\u00e9alis\u00e9e \u00e0 l\u2019aide de la cam\u00e9ra de l\u2019analyseur de mouvement.<\/p>\n\n\n\n<p class=\"has-text-align-justify\">Votre magasin La Roue Libre Nice vous propose cette \u00e9tude posturale Bikefitting au tarif de\u00a0<strong>100 euros<\/strong>. Une mise aux c\u00f4tes du v\u00e9lo pourra \u00eatre r\u00e9alis\u00e9e par nos soins (Tarif 26\u20ac).\u00a0<\/p>\n\n\n\n<p class=\"has-text-align-center\"><strong>Cette mise aux c\u00f4tes de votre v\u00e9lo vous sera offerte si vous avez achet\u00e9 votre monture dans un de nos magasins!<\/strong><\/p>\n\n\n\n<p class=\"has-text-align-center\">Pour toutes informations compl\u00e9mentaires ou r\u00e9servation d\u2019\u00e9tude personnalis\u00e9e, contactez nous au\u00a0<strong>04 93 89 62 26<\/strong><\/p>\n","protected":false},"excerpt":{"rendered":"<p>Pour chaque type d\u2019usage, une bonne position sur le v\u00e9lo est essentielle. C\u2019est la r\u00e9sultante d\u2019un parfait dosage entre puissance, efficacit\u00e9, r\u00e9sistance et confort. Une bonne position peut \u00e9viter les blessures et accro\u00eetre le confort tout en roulant en v\u00e9lo !\u00a0BikeFitting\u00a0a con\u00e7u un concept modulaire pour chaque type de cycliste, du v\u00e9lo utilitaire au v\u00e9lo [&hellip;]<\/p>\n","protected":false},"author":1,"featured_media":20284,"parent":20277,"menu_order":0,"comment_status":"closed","ping_status":"closed","template":"","meta":{"jetpack_post_was_ever_published":false,"footnotes":""},"class_list":["post-20279","page","type-page","status-publish","has-post-thumbnail"],"yoast_head":"<!-- This site is optimized with the Yoast SEO plugin v26.5 - https:\/\/yoast.com\/wordpress\/plugins\/seo\/ -->\n<title>Etude Posturale - Bikefitting - La Roue Libre<\/title>\n<meta name=\"robots\" content=\"index, follow, max-snippet:-1, max-image-preview:large, max-video-preview:-1\" \/>\n<link rel=\"canonical\" href=\"https:\/\/www.larouelibre.fr\/blog\/atelier\/etude-posturale-bikefitting\/\" \/>\n<meta property=\"og:locale\" content=\"fr_FR\" \/>\n<meta property=\"og:type\" content=\"article\" \/>\n<meta property=\"og:title\" content=\"Etude Posturale - Bikefitting - La Roue Libre\" \/>\n<meta property=\"og:description\" content=\"Pour chaque type d\u2019usage, une bonne position sur le v\u00e9lo est essentielle. C\u2019est la r\u00e9sultante d\u2019un parfait dosage entre puissance, efficacit\u00e9, r\u00e9sistance et confort. Une bonne position peut \u00e9viter les blessures et accro\u00eetre le confort tout en roulant en v\u00e9lo !\u00a0BikeFitting\u00a0a con\u00e7u un concept modulaire pour chaque type de cycliste, du v\u00e9lo utilitaire au v\u00e9lo [&hellip;]\" \/>\n<meta property=\"og:url\" content=\"https:\/\/www.larouelibre.fr\/blog\/atelier\/etude-posturale-bikefitting\/\" \/>\n<meta property=\"og:site_name\" content=\"La Roue Libre\" \/>\n<meta property=\"article:modified_time\" content=\"2022-04-25T09:01:13+00:00\" \/>\n<meta property=\"og:image\" content=\"https:\/\/www.larouelibre.fr\/blog\/wp-content\/uploads\/2018\/11\/image_bikefitting.jpg\" \/>\n\t<meta property=\"og:image:width\" content=\"1092\" \/>\n\t<meta property=\"og:image:height\" content=\"815\" \/>\n\t<meta property=\"og:image:type\" content=\"image\/jpeg\" \/>\n<meta name=\"twitter:card\" content=\"summary_large_image\" \/>\n<meta name=\"twitter:label1\" content=\"Dur\u00e9e de lecture estim\u00e9e\" \/>\n\t<meta name=\"twitter:data1\" content=\"3 minutes\" \/>\n<script type=\"application\/ld+json\" class=\"yoast-schema-graph\">{\"@context\":\"https:\/\/schema.org\",\"@graph\":[{\"@type\":\"WebPage\",\"@id\":\"https:\/\/www.larouelibre.fr\/blog\/atelier\/etude-posturale-bikefitting\/\",\"url\":\"https:\/\/www.larouelibre.fr\/blog\/atelier\/etude-posturale-bikefitting\/\",\"name\":\"Etude Posturale - Bikefitting - La Roue Libre\",\"isPartOf\":{\"@id\":\"https:\/\/www.larouelibre.fr\/blog\/#website\"},\"primaryImageOfPage\":{\"@id\":\"https:\/\/www.larouelibre.fr\/blog\/atelier\/etude-posturale-bikefitting\/#primaryimage\"},\"image\":{\"@id\":\"https:\/\/www.larouelibre.fr\/blog\/atelier\/etude-posturale-bikefitting\/#primaryimage\"},\"thumbnailUrl\":\"https:\/\/i0.wp.com\/www.larouelibre.fr\/blog\/wp-content\/uploads\/2018\/11\/image_bikefitting.jpg?fit=1092%2C815&ssl=1\",\"datePublished\":\"2018-11-29T11:06:53+00:00\",\"dateModified\":\"2022-04-25T09:01:13+00:00\",\"breadcrumb\":{\"@id\":\"https:\/\/www.larouelibre.fr\/blog\/atelier\/etude-posturale-bikefitting\/#breadcrumb\"},\"inLanguage\":\"fr-FR\",\"potentialAction\":[{\"@type\":\"ReadAction\",\"target\":[\"https:\/\/www.larouelibre.fr\/blog\/atelier\/etude-posturale-bikefitting\/\"]}]},{\"@type\":\"ImageObject\",\"inLanguage\":\"fr-FR\",\"@id\":\"https:\/\/www.larouelibre.fr\/blog\/atelier\/etude-posturale-bikefitting\/#primaryimage\",\"url\":\"https:\/\/i0.wp.com\/www.larouelibre.fr\/blog\/wp-content\/uploads\/2018\/11\/image_bikefitting.jpg?fit=1092%2C815&ssl=1\",\"contentUrl\":\"https:\/\/i0.wp.com\/www.larouelibre.fr\/blog\/wp-content\/uploads\/2018\/11\/image_bikefitting.jpg?fit=1092%2C815&ssl=1\",\"width\":1092,\"height\":815},{\"@type\":\"BreadcrumbList\",\"@id\":\"https:\/\/www.larouelibre.fr\/blog\/atelier\/etude-posturale-bikefitting\/#breadcrumb\",\"itemListElement\":[{\"@type\":\"ListItem\",\"position\":1,\"name\":\"Accueil\",\"item\":\"https:\/\/www.larouelibre.fr\/blog\/\"},{\"@type\":\"ListItem\",\"position\":2,\"name\":\"Atelier\",\"item\":\"https:\/\/www.larouelibre.fr\/blog\/atelier\/\"},{\"@type\":\"ListItem\",\"position\":3,\"name\":\"Etude Posturale &#8211; Bikefitting\"}]},{\"@type\":\"WebSite\",\"@id\":\"https:\/\/www.larouelibre.fr\/blog\/#website\",\"url\":\"https:\/\/www.larouelibre.fr\/blog\/\",\"name\":\"La Roue Libre\",\"description\":\"Votre sp\u00e9cialiste cycle, v\u00e9lo \u00e9lectrique, vtt, v\u00e9lo route \u00e0 Nice et cagnes sur mer\",\"potentialAction\":[{\"@type\":\"SearchAction\",\"target\":{\"@type\":\"EntryPoint\",\"urlTemplate\":\"https:\/\/www.larouelibre.fr\/blog\/?s={search_term_string}\"},\"query-input\":{\"@type\":\"PropertyValueSpecification\",\"valueRequired\":true,\"valueName\":\"search_term_string\"}}],\"inLanguage\":\"fr-FR\"}]}<\/script>\n<!-- \/ Yoast SEO plugin. -->","yoast_head_json":{"title":"Etude Posturale - Bikefitting - La Roue Libre","robots":{"index":"index","follow":"follow","max-snippet":"max-snippet:-1","max-image-preview":"max-image-preview:large","max-video-preview":"max-video-preview:-1"},"canonical":"https:\/\/www.larouelibre.fr\/blog\/atelier\/etude-posturale-bikefitting\/","og_locale":"fr_FR","og_type":"article","og_title":"Etude Posturale - Bikefitting - La Roue Libre","og_description":"Pour chaque type d\u2019usage, une bonne position sur le v\u00e9lo est essentielle. C\u2019est la r\u00e9sultante d\u2019un parfait dosage entre puissance, efficacit\u00e9, r\u00e9sistance et confort. Une bonne position peut \u00e9viter les blessures et accro\u00eetre le confort tout en roulant en v\u00e9lo !\u00a0BikeFitting\u00a0a con\u00e7u un concept modulaire pour chaque type de cycliste, du v\u00e9lo utilitaire au v\u00e9lo [&hellip;]","og_url":"https:\/\/www.larouelibre.fr\/blog\/atelier\/etude-posturale-bikefitting\/","og_site_name":"La Roue Libre","article_modified_time":"2022-04-25T09:01:13+00:00","og_image":[{"width":1092,"height":815,"url":"https:\/\/www.larouelibre.fr\/blog\/wp-content\/uploads\/2018\/11\/image_bikefitting.jpg","type":"image\/jpeg"}],"twitter_card":"summary_large_image","twitter_misc":{"Dur\u00e9e de lecture estim\u00e9e":"3 minutes"},"schema":{"@context":"https:\/\/schema.org","@graph":[{"@type":"WebPage","@id":"https:\/\/www.larouelibre.fr\/blog\/atelier\/etude-posturale-bikefitting\/","url":"https:\/\/www.larouelibre.fr\/blog\/atelier\/etude-posturale-bikefitting\/","name":"Etude Posturale - Bikefitting - La Roue Libre","isPartOf":{"@id":"https:\/\/www.larouelibre.fr\/blog\/#website"},"primaryImageOfPage":{"@id":"https:\/\/www.larouelibre.fr\/blog\/atelier\/etude-posturale-bikefitting\/#primaryimage"},"image":{"@id":"https:\/\/www.larouelibre.fr\/blog\/atelier\/etude-posturale-bikefitting\/#primaryimage"},"thumbnailUrl":"https:\/\/i0.wp.com\/www.larouelibre.fr\/blog\/wp-content\/uploads\/2018\/11\/image_bikefitting.jpg?fit=1092%2C815&ssl=1","datePublished":"2018-11-29T11:06:53+00:00","dateModified":"2022-04-25T09:01:13+00:00","breadcrumb":{"@id":"https:\/\/www.larouelibre.fr\/blog\/atelier\/etude-posturale-bikefitting\/#breadcrumb"},"inLanguage":"fr-FR","potentialAction":[{"@type":"ReadAction","target":["https:\/\/www.larouelibre.fr\/blog\/atelier\/etude-posturale-bikefitting\/"]}]},{"@type":"ImageObject","inLanguage":"fr-FR","@id":"https:\/\/www.larouelibre.fr\/blog\/atelier\/etude-posturale-bikefitting\/#primaryimage","url":"https:\/\/i0.wp.com\/www.larouelibre.fr\/blog\/wp-content\/uploads\/2018\/11\/image_bikefitting.jpg?fit=1092%2C815&ssl=1","contentUrl":"https:\/\/i0.wp.com\/www.larouelibre.fr\/blog\/wp-content\/uploads\/2018\/11\/image_bikefitting.jpg?fit=1092%2C815&ssl=1","width":1092,"height":815},{"@type":"BreadcrumbList","@id":"https:\/\/www.larouelibre.fr\/blog\/atelier\/etude-posturale-bikefitting\/#breadcrumb","itemListElement":[{"@type":"ListItem","position":1,"name":"Accueil","item":"https:\/\/www.larouelibre.fr\/blog\/"},{"@type":"ListItem","position":2,"name":"Atelier","item":"https:\/\/www.larouelibre.fr\/blog\/atelier\/"},{"@type":"ListItem","position":3,"name":"Etude Posturale &#8211; Bikefitting"}]},{"@type":"WebSite","@id":"https:\/\/www.larouelibre.fr\/blog\/#website","url":"https:\/\/www.larouelibre.fr\/blog\/","name":"La Roue Libre","description":"Votre sp\u00e9cialiste cycle, v\u00e9lo \u00e9lectrique, vtt, v\u00e9lo route \u00e0 Nice et cagnes sur mer","potentialAction":[{"@type":"SearchAction","target":{"@type":"EntryPoint","urlTemplate":"https:\/\/www.larouelibre.fr\/blog\/?s={search_term_string}"},"query-input":{"@type":"PropertyValueSpecification","valueRequired":true,"valueName":"search_term_string"}}],"inLanguage":"fr-FR"}]}},"jetpack_sharing_enabled":true,"jetpack_shortlink":"https:\/\/wp.me\/P7po7v-5h5","jetpack-related-posts":[{"id":20296,"url":"https:\/\/www.larouelibre.fr\/blog\/atelier\/reglage-cales-chaussures\/","url_meta":{"origin":20279,"position":0},"title":"R\u00e9glage cales chaussures","author":"La Roue Libre","date":"30 novembre 2018","format":false,"excerpt":"Votre atelier La Roue Libre Nice vous propose une \u00e9tude MorphoLogics ML Cleat pour obtenir le r\u00e9glage id\u00e9al de vos cales de chaussures cyclistes. Que ce soit pour la route ou le vtt, une \u00e9tude est possible au tarif unique de\u00a030\u20ac. \u00a0Pr\u00e9sentation du MorphoLogics ML Cleat\u00a0 L\u2019appareil ML Cleat \u00ae,\u2026","rel":"","context":"Article similaire","block_context":{"text":"Article similaire","link":""},"img":{"alt_text":"","src":"https:\/\/i0.wp.com\/www.larouelibre.fr\/blog\/wp-content\/uploads\/2018\/11\/morphologics_image.jpg?resize=350%2C200&ssl=1","width":350,"height":200,"srcset":"https:\/\/i0.wp.com\/www.larouelibre.fr\/blog\/wp-content\/uploads\/2018\/11\/morphologics_image.jpg?resize=350%2C200&ssl=1 1x, https:\/\/i0.wp.com\/www.larouelibre.fr\/blog\/wp-content\/uploads\/2018\/11\/morphologics_image.jpg?resize=525%2C300&ssl=1 1.5x, https:\/\/i0.wp.com\/www.larouelibre.fr\/blog\/wp-content\/uploads\/2018\/11\/morphologics_image.jpg?resize=700%2C400&ssl=1 2x, https:\/\/i0.wp.com\/www.larouelibre.fr\/blog\/wp-content\/uploads\/2018\/11\/morphologics_image.jpg?resize=1050%2C600&ssl=1 3x"},"classes":[]},{"id":23201,"url":"https:\/\/www.larouelibre.fr\/blog\/assurance-velo-garantie-vol\/","url_meta":{"origin":20279,"position":1},"title":"Assurance v\u00e9lo &#8211; Garantie vol","author":"La Roue Libre","date":"29 octobre 2024","format":false,"excerpt":"Bicytrust, la couverture vol et casse de votre v\u00e9lo adapt\u00e9e \u00e0 votre besoin. Pens\u00e9e pour et avec des cyclistes, l\u2019assurance vol et casse Bicytrust r\u00e9pond \u00e0 votre besoin de protection au quotidien. Vous aimez votre v\u00e9lo et vous l\u2019utilisez r\u00e9guli\u00e8rement pour un usage v\u00e9lotaf ou pour vos loisirs ? Vous\u2026","rel":"","context":"Article similaire","block_context":{"text":"Article similaire","link":""},"img":{"alt_text":"","src":"https:\/\/i0.wp.com\/www.larouelibre.fr\/blog\/wp-content\/uploads\/2024\/06\/moustache2024-jeremie-reuiller-1931-750x500-1.jpg?resize=350%2C200&ssl=1","width":350,"height":200,"srcset":"https:\/\/i0.wp.com\/www.larouelibre.fr\/blog\/wp-content\/uploads\/2024\/06\/moustache2024-jeremie-reuiller-1931-750x500-1.jpg?resize=350%2C200&ssl=1 1x, https:\/\/i0.wp.com\/www.larouelibre.fr\/blog\/wp-content\/uploads\/2024\/06\/moustache2024-jeremie-reuiller-1931-750x500-1.jpg?resize=525%2C300&ssl=1 1.5x, https:\/\/i0.wp.com\/www.larouelibre.fr\/blog\/wp-content\/uploads\/2024\/06\/moustache2024-jeremie-reuiller-1931-750x500-1.jpg?resize=700%2C400&ssl=1 2x"},"classes":[]},{"id":15941,"url":"https:\/\/www.larouelibre.fr\/blog\/velo-electrique\/comprendre-le-vae\/","url_meta":{"origin":20279,"position":2},"title":"Comprendre le VAE","author":"La Roue Libre","date":"13 avril 2017","format":false,"excerpt":"Le VAE ou v\u00e9lo \u00e0 assistance \u00e9lectrique, est de plus en plus r\u00e9pandu de nos jours, mais comment marche t-il? Cette page vous permettra de mieux le comprendre et surtout de conna\u00eetre vos besoins et quel type de moteur ou batterie choisir pour votre futur achat! Le v\u00e9lo \u00e0 assistance\u2026","rel":"","context":"Article similaire","block_context":{"text":"Article similaire","link":""},"img":{"alt_text":"","src":"","width":0,"height":0},"classes":[]},{"id":16139,"url":"https:\/\/www.larouelibre.fr\/blog\/reprise\/","url_meta":{"origin":20279,"position":3},"title":"Reprise","author":"La Roue Libre","date":"18 mai 2017","format":false,"excerpt":"[ux_image id=\"12776\"] [gap height=\"60px\"] Vous voulez changer de v\u00e9lo et ne savez pas quoi faire de votre v\u00e9lo actuel? Il peut vous rapporter de l\u2019argent\u2026 Et oui votre r\u00e9seau de magasins La Roue Libre de Nice \u00e0 Cagnes-sur-mer rach\u00e8te votre v\u00e9lo \u00e0 sa valeur sur le march\u00e9 de l\u2019occasion! VTT,\u2026","rel":"","context":"Article similaire","block_context":{"text":"Article similaire","link":""},"img":{"alt_text":"","src":"","width":0,"height":0},"classes":[]},{"id":23069,"url":"https:\/\/www.larouelibre.fr\/blog\/la-reprise-de-votre-velo\/","url_meta":{"origin":20279,"position":4},"title":"La reprise de votre v\u00e9lo","author":"La Roue Libre","date":"10 novembre 2023","format":false,"excerpt":"Dans vos magasins La Roue Libre, nous vous rachetons votre ancien v\u00e9lo pour tout achat d'un v\u00e9lo neuf. Vous ne savez pas combien votre ancien mod\u00e8le peut vous rapporter? \u00a0 Attention, ce module fonctionne uniquement avec les v\u00e9los \u00e9lectriques. Pour les mod\u00e8les non \u00e9lectriques, merci de vous rendre directement en\u2026","rel":"","context":"Article similaire","block_context":{"text":"Article similaire","link":""},"img":{"alt_text":"","src":"","width":0,"height":0},"classes":[]},{"id":16125,"url":"https:\/\/www.larouelibre.fr\/blog\/velo-electrique\/subventions-credits-impot\/","url_meta":{"origin":20279,"position":5},"title":"Subventions | Cr\u00e9dits Imp\u00f4t","author":"La Roue Libre","date":"18 mai 2017","format":false,"excerpt":"SUBVENTIONS: AIDE DE L'ETAT La subvention VAE:\u00a0Il s'agit d'une aide financi\u00e8re propos\u00e9e par l'Etat fran\u00e7ais lors de l'achat d'un V\u00e9lo \u00e0 assistance \u00e9lectrique pouvant absorber jusqu'\u00e0 33% du prix d'acquisition du VAE. Cette subvention fait partie de la loi relative \u00e0 la\u00a0transition \u00e9cologique, l'Etat encourageant\u00a0tous les Fran\u00e7ais \u00e0 modifier leurs\u2026","rel":"","context":"Article similaire","block_context":{"text":"Article similaire","link":""},"img":{"alt_text":"","src":"","width":0,"height":0},"classes":[]}],"_links":{"self":[{"href":"https:\/\/www.larouelibre.fr\/blog\/wp-json\/wp\/v2\/pages\/20279","targetHints":{"allow":["GET"]}}],"collection":[{"href":"https:\/\/www.larouelibre.fr\/blog\/wp-json\/wp\/v2\/pages"}],"about":[{"href":"https:\/\/www.larouelibre.fr\/blog\/wp-json\/wp\/v2\/types\/page"}],"author":[{"embeddable":true,"href":"https:\/\/www.larouelibre.fr\/blog\/wp-json\/wp\/v2\/users\/1"}],"replies":[{"embeddable":true,"href":"https:\/\/www.larouelibre.fr\/blog\/wp-json\/wp\/v2\/comments?post=20279"}],"version-history":[{"count":12,"href":"https:\/\/www.larouelibre.fr\/blog\/wp-json\/wp\/v2\/pages\/20279\/revisions"}],"predecessor-version":[{"id":22452,"href":"https:\/\/www.larouelibre.fr\/blog\/wp-json\/wp\/v2\/pages\/20279\/revisions\/22452"}],"up":[{"embeddable":true,"href":"https:\/\/www.larouelibre.fr\/blog\/wp-json\/wp\/v2\/pages\/20277"}],"wp:featuredmedia":[{"embeddable":true,"href":"https:\/\/www.larouelibre.fr\/blog\/wp-json\/wp\/v2\/media\/20284"}],"wp:attachment":[{"href":"https:\/\/www.larouelibre.fr\/blog\/wp-json\/wp\/v2\/media?parent=20279"}],"curies":[{"name":"wp","href":"https:\/\/api.w.org\/{rel}","templated":true}]}}