{"id":16065,"date":"2017-05-18T12:55:38","date_gmt":"2017-05-18T10:55:38","guid":{"rendered":"http:\/\/localhost\/larouelibreNew\/?page_id=16065"},"modified":"2023-06-12T10:19:33","modified_gmt":"2023-06-12T08:19:33","slug":"reservation","status":"publish","type":"page","link":"https:\/\/www.larouelibre.fr\/blog\/location\/reservation\/","title":{"rendered":"R\u00e9servation"},"content":{"rendered":"\n<div class=\"wp-block-columns is-layout-flex wp-container-core-columns-is-layout-9d6595d7 wp-block-columns-is-layout-flex\">\n<div class=\"wp-block-column is-layout-flow wp-block-column-is-layout-flow\" style=\"flex-basis:100%\">\n<div class=\"wp-block-contact-form-7-contact-form-selector\">\n<div class=\"wpcf7 no-js\" id=\"wpcf7-f15391-o1\" lang=\"fr-FR\" dir=\"ltr\" data-wpcf7-id=\"15391\">\n<div class=\"screen-reader-response\"><p role=\"status\" aria-live=\"polite\" aria-atomic=\"true\"><\/p> <ul><\/ul><\/div>\n<form action=\"\/blog\/wp-json\/wp\/v2\/pages\/16065#wpcf7-f15391-o1\" method=\"post\" class=\"wpcf7-form init\" aria-label=\"Formulaire de contact\" novalidate=\"novalidate\" data-status=\"init\">\n<fieldset class=\"hidden-fields-container\"><input type=\"hidden\" name=\"_wpcf7\" value=\"15391\" \/><input type=\"hidden\" name=\"_wpcf7_version\" value=\"6.1.5\" \/><input type=\"hidden\" name=\"_wpcf7_locale\" value=\"fr_FR\" \/><input type=\"hidden\" name=\"_wpcf7_unit_tag\" value=\"wpcf7-f15391-o1\" \/><input type=\"hidden\" name=\"_wpcf7_container_post\" value=\"0\" \/><input type=\"hidden\" name=\"_wpcf7_posted_data_hash\" value=\"\" \/>\n<\/fieldset>\n<div style=\"width:100%; text-align:center;\">\n\t<p><span class=\"wpcf7-form-control-wrap\" data-name=\"Nom\"><input size=\"40\" maxlength=\"400\" class=\"wpcf7-form-control wpcf7-text wpcf7-validates-as-required\" aria-required=\"true\" aria-invalid=\"false\" placeholder=\"Nom \/ Surname\" value=\"\" type=\"text\" name=\"Nom\" \/><\/span>\n\t<\/p>\n\t<p><span class=\"wpcf7-form-control-wrap\" data-name=\"Prenom\"><input size=\"40\" maxlength=\"400\" class=\"wpcf7-form-control wpcf7-text wpcf7-validates-as-required\" aria-required=\"true\" aria-invalid=\"false\" placeholder=\"Pr\u00e9nom \/ Name\" value=\"\" type=\"text\" name=\"Prenom\" \/><\/span>\n\t<\/p>\n\t<p><span class=\"wpcf7-form-control-wrap\" data-name=\"email-865\"><input size=\"40\" maxlength=\"400\" class=\"wpcf7-form-control wpcf7-email wpcf7-validates-as-required wpcf7-text wpcf7-validates-as-email\" aria-required=\"true\" aria-invalid=\"false\" placeholder=\"E-mail\" value=\"\" type=\"email\" name=\"email-865\" \/><\/span>\n\t<\/p>\n\t<p><span class=\"wpcf7-form-control-wrap\" data-name=\"Adresse\"><input size=\"40\" maxlength=\"400\" class=\"wpcf7-form-control wpcf7-text\" aria-invalid=\"false\" placeholder=\"Adresse \/ Adress\" value=\"\" type=\"text\" name=\"Adresse\" \/><\/span>\n\t<\/p>\n\t<p><span class=\"wpcf7-form-control-wrap\" data-name=\"Ville\"><input size=\"40\" maxlength=\"400\" class=\"wpcf7-form-control wpcf7-text\" aria-invalid=\"false\" placeholder=\"Ville \/ City\" value=\"\" type=\"text\" name=\"Ville\" \/><\/span>\n\t<\/p>\n\t<p><span class=\"wpcf7-form-control-wrap\" data-name=\"Pays\"><input size=\"40\" maxlength=\"400\" class=\"wpcf7-form-control wpcf7-text\" aria-invalid=\"false\" placeholder=\"Pays \/ Country\" value=\"\" type=\"text\" name=\"Pays\" \/><\/span>\n\t<\/p>\n\t<p><span class=\"wpcf7-form-control-wrap\" data-name=\"CodePostal\"><input size=\"40\" maxlength=\"400\" class=\"wpcf7-form-control wpcf7-text\" aria-invalid=\"false\" placeholder=\"Code Postal \/ Zip Code\" value=\"\" type=\"text\" name=\"CodePostal\" \/><\/span>\n\t<\/p>\n\t<p><span class=\"wpcf7-form-control-wrap\" data-name=\"Telephone\"><input size=\"40\" maxlength=\"400\" class=\"wpcf7-form-control wpcf7-tel wpcf7-validates-as-required wpcf7-text wpcf7-validates-as-tel\" aria-required=\"true\" aria-invalid=\"false\" placeholder=\"T\u00e9l\u00e9phone \/ Phone\" value=\"\" type=\"tel\" name=\"Telephone\" \/><\/span>\n\t<\/p>\n\t<p><span class=\"wpcf7-form-control-wrap\" data-name=\"Modele\"><select class=\"wpcf7-form-control wpcf7-select\" aria-invalid=\"false\" name=\"Modele\"><option value=\"Choisissez votre v\u00e9lo \/ Choose your bike\">Choisissez votre v\u00e9lo \/ Choose your bike<\/option><option value=\"Lapierre Xelius SL 7.0\">Lapierre Xelius SL 7.0<\/option><option value=\"Cube Stereo Hybrid ONE77\">Cube Stereo Hybrid ONE77<\/option><option value=\"bike travel Road Pro Evoc\">bike travel Road Pro Evoc<\/option><option value=\"bike travel XL Evoc\">bike travel XL Evoc<\/option><\/select><\/span>\n\t<\/p>\n\t<p><span class=\"wpcf7-form-control-wrap\" data-name=\"Option-roues-Cosmic-SL\"><select class=\"wpcf7-form-control wpcf7-select wpcf7-validates-as-required\" aria-required=\"true\" aria-invalid=\"false\" name=\"Option-roues-Cosmic-SL\"><option value=\"Option Roues carbone \/ Carbon wheels Mavic Cosmic SL 32 Disc (20\u20ac\/jour\/Day)\">Option Roues carbone \/ Carbon wheels Mavic Cosmic SL 32 Disc (20\u20ac\/jour\/Day)<\/option><option value=\"OUI \/ YES\">OUI \/ YES<\/option><option value=\"NON \/ NO\">NON \/ NO<\/option><\/select><\/span>\n\t<\/p>\n\t<p><span class=\"wpcf7-form-control-wrap\" data-name=\"Option-roues-Cosmic-Ultimate\"><select class=\"wpcf7-form-control wpcf7-select wpcf7-validates-as-required\" aria-required=\"true\" aria-invalid=\"false\" name=\"Option-roues-Cosmic-Ultimate\"><option value=\"Option Roues carbone \/ Carbon wheels Mavic Cosmic Ultimate 45 Disc (70\u20ac\/jour\/Day)\">Option Roues carbone \/ Carbon wheels Mavic Cosmic Ultimate 45 Disc (70\u20ac\/jour\/Day)<\/option><option value=\"OUI \/ YES\">OUI \/ YES<\/option><option value=\"NON \/ NO\">NON \/ NO<\/option><\/select><\/span>\n\t<\/p>\n\t<p><span class=\"wpcf7-form-control-wrap\" data-name=\"cadre\"><select class=\"wpcf7-form-control wpcf7-select wpcf7-validates-as-required\" aria-required=\"true\" aria-invalid=\"false\" name=\"cadre\"><option value=\"Choisissez la taille du cadre \/ Choose the size of the frame\">Choisissez la taille du cadre \/ Choose the size of the frame<\/option><option value=\"XS\">XS<\/option><option value=\"S\">S<\/option><option value=\"M\">M<\/option><option value=\"L\">L<\/option><option value=\"XL\">XL<\/option><\/select><\/span>\n\t<\/p>\n\t<p><span class=\"wpcf7-form-control-wrap\" data-name=\"Taillerider\"><input class=\"wpcf7-form-control wpcf7-number wpcf7-validates-as-number\" aria-invalid=\"false\" placeholder=\"Taille du rider \/ Rider&#039;s size\" value=\"\" type=\"number\" name=\"Taillerider\" \/><\/span>\n\t<\/p>\n\t<p><span class=\"wpcf7-form-control-wrap\" data-name=\"Hauteurselle\"><input class=\"wpcf7-form-control wpcf7-number wpcf7-validates-as-number\" aria-invalid=\"false\" placeholder=\"Hauteur selle \/ Seat Height\" value=\"\" type=\"number\" name=\"Hauteurselle\" \/><\/span>\n\t<\/p>\n\t<p><span class=\"wpcf7-form-control-wrap\" data-name=\"casque\"><select class=\"wpcf7-form-control wpcf7-select wpcf7-validates-as-required\" aria-required=\"true\" aria-invalid=\"false\" name=\"casque\"><option value=\"Avez-vous besoin d&#039;un casque? (5\u20ac par jour) \/ Do you need a helmet? (5 \u20ac per day)\">Avez-vous besoin d&#039;un casque? (5\u20ac par jour) \/ Do you need a helmet? (5 \u20ac per day)<\/option><option value=\"OUI \/ YES\">OUI \/ YES<\/option><option value=\"NON \/ NO\">NON \/ NO<\/option><\/select><\/span>\n\t<\/p>\n\t<p><span class=\"wpcf7-form-control-wrap\" data-name=\"pedales\"><select class=\"wpcf7-form-control wpcf7-select wpcf7-validates-as-required\" aria-required=\"true\" aria-invalid=\"false\" name=\"pedales\"><option value=\"Choisissez vos p\u00e9dales \/ Choose your pedals\">Choisissez vos p\u00e9dales \/ Choose your pedals<\/option><option value=\"plate\">plate<\/option><option value=\"Shimano SPD-SL\">Shimano SPD-SL<\/option><option value=\"Shimano SPD - MTB\">Shimano SPD - MTB<\/option><option value=\"Look Keo\">Look Keo<\/option><option value=\"Perso\">Perso<\/option><\/select><\/span>\n\t<\/p>\n\t<p>Date de d\u00e9but de la location \/ Rent starting date<br \/>\n<span class=\"wpcf7-form-control-wrap\" data-name=\"date-debut\"><input class=\"wpcf7-form-control wpcf7-date wpcf7-validates-as-required wpcf7-validates-as-date\" aria-required=\"true\" aria-invalid=\"false\" value=\"\" type=\"date\" name=\"date-debut\" \/><\/span>\n\t<\/p>\n\t<p>Date de fin de la location \/ Rent ending date<br \/>\n<span class=\"wpcf7-form-control-wrap\" data-name=\"date-fin\"><input class=\"wpcf7-form-control wpcf7-date wpcf7-validates-as-required wpcf7-validates-as-date\" aria-required=\"true\" aria-invalid=\"false\" value=\"\" type=\"date\" name=\"date-fin\" \/><\/span>\n\t<\/p>\n\t<p><span class=\"wpcf7-form-control-wrap\" data-name=\"Note\"><textarea cols=\"40\" rows=\"10\" maxlength=\"2000\" class=\"wpcf7-form-control wpcf7-textarea\" aria-invalid=\"false\" name=\"Note\">Vous souhaitez nous laisser un mot? \/ Would you like to leave us a message?<\/textarea><\/span>\n\t<\/p>\n\t<p><input class=\"wpcf7-form-control wpcf7-submit has-spinner\" type=\"submit\" value=\"Envoyer \/ Submit\" \/>\n\t<\/p>\n<\/div><p style=\"display: none !important;\" class=\"akismet-fields-container\" data-prefix=\"_wpcf7_ak_\"><label>&#916;<textarea name=\"_wpcf7_ak_hp_textarea\" cols=\"45\" rows=\"8\" maxlength=\"100\"><\/textarea><\/label><input type=\"hidden\" id=\"ak_js_1\" name=\"_wpcf7_ak_js\" value=\"223\"\/><script type=\"text\/javascript\">\n\/* <![CDATA[ *\/\ndocument.getElementById( \"ak_js_1\" ).setAttribute( \"value\", ( new Date() ).getTime() );\n\/* ]]> *\/\n<\/script>\n<\/p><div class=\"wpcf7-response-output\" aria-hidden=\"true\"><\/div>\n<\/form>\n<\/div>\n<\/div>\n\n\n\n<h3 class=\"wp-block-heading\">IMPORTANT<\/h3>\n\n\n\n<p class=\"has-text-align-justify\">Location sous r\u00e9serve de disponibilit\u00e9. Toute r\u00e9servation valid\u00e9e est due. Toute demande de location devra \u00eatre formul\u00e9e 48H \u00e0 l\u2019avance.Toute modification dans les 48h pr\u00e9c\u00e9dent la location sera factur\u00e9e 15 \u20ac. <strong>Les locations sont uniquement disponibles dans votre magasin La Roue Libre Nice au 20 Boulevard Arm\u00e9e des Alpes.<\/strong><\/p>\n\n\n\n<hr class=\"wp-block-separator has-css-opacity\"\/>\n\n\n\n<h3 class=\"wp-block-heading\">IMPORTANT<\/h3>\n\n\n\n<p class=\"has-text-align-justify\"><em class=\"textBlue\">Rent subject to availability. Any request of rent must be formulated 48 hours in advance. Any validated reservation is due. Any modification 48 hours before the rent will be charged 15 \u20ac.<\/em> <em><strong>Rentals are only available in your La Roue Libre Nice store at 20 Boulevard Arm\u00e9e des Alpes.<\/strong><\/em><\/p>\n\n\n\n<h2 class=\"wp-block-heading\">MESURE VOTRE HAUTEUR DE SELLE<\/h2>\n\n\n\n<p class=\"has-text-align-justify\">Aide \u00e0 la prise de mesure pour une hauteur de selle optimale: mesurez sur votre v\u00e9lo perso la dimension en centim\u00e8tres entre le creux de la selle et le centre de votre p\u00e9dalier (mat\u00e9rialis\u00e9 par la fl\u00e8che bleue sur le dessin ci-dessus).<\/p>\n\n\n\n<h2 class=\"wp-block-heading\">MEASURE YOUR SADDLE HEIGHT<\/h2>\n\n\n\n<p class=\"has-text-align-justify\"><em>Assistance for an optimal saddle height: measure on your bicycle the dimension in centimetres between the hollow of the saddle and the center of your pedals.<\/em><\/p>\n\n\n\n<h2 class=\"wp-block-heading\">INFORMATIONS SUR LA CAUTION ET LES CARTES DE CR\u00c9DIT ACCEPT\u00c9ES<\/h2>\n\n\n\n<ul class=\"wp-block-list\">\n<li>MasterCard (excluant les cartes de d\u00e9bit ou pr\u00e9pay\u00e9es)&nbsp;<\/li>\n\n\n\n<li>Visa (excluant les cartes pr\u00e9pay\u00e9es)<\/li>\n\n\n\n<li>La carte de d\u00e9bit n&rsquo;est pas accept\u00e9e, sauf pour les exceptions ci-dessous<\/li>\n\n\n\n<li>NON ACCEPT\u00c9S : Aucun autre type de paiement ne sera accept\u00e9<\/li>\n<\/ul>\n\n\n\n<p class=\"has-text-align-justify\"><strong>Une caution de 250\/500 ou 2500 \u20ac sera bloqu\u00e9e sur votre compte pour toute la dur\u00e9e de la location. Cette caution est une garantie en cas de dommage ou de vol du cycle. Cette somme sera automatiquement annul\u00e9e en l\u2019absence de vol ou de sinistre pendant la p\u00e9riode de location. Veuillez noter que celle-ci n\u2019est pas \u00e9quivalente au montant total de la responsabilit\u00e9 engag\u00e9e en cas de sinistre<\/strong><\/p>\n\n\n\n<p class=\"has-text-align-justify\"><strong>Important:<\/strong> Seules les cartes de cr\u00e9dit sont accept\u00e9es. Veuillez contacter votre banque pour vous assurer que votre carte de cr\u00e9dit est bien une carte de cr\u00e9dit et non pas une carte de d\u00e9bit&nbsp;<\/p>\n\n\n\n<p class=\"has-text-align-justify\">Une carte de cr\u00e9dit valide au nom et pr\u00e9nom du locataire doit \u00eatre pr\u00e9sent\u00e9e au magasin de location afin de pr\u00e9-autoriser\/d\u00e9biter une caution. La ou les cartes de cr\u00e9dit doivent \u00eatre imprim\u00e9es en relief et un code PIN peut \u00eatre requis<\/p>\n\n\n\n<p class=\"has-text-align-justify\">Si vous ne pr\u00e9sentez pas de carte de cr\u00e9dit valide, si votre provision est insuffisante ou si la carte de cr\u00e9dit n\u2019est pas au nom et pr\u00e9nom du conducteur principal, le magasin peut refuser de vous remettre le cycle. Dans ce cas, aucun paiement d\u00e9j\u00e0 effectu\u00e9 ne sera rembours\u00e9<\/p>\n\n\n\n<h2 class=\"wp-block-heading\">INFORMATION ON THE DEPOSIT AND CREDIT CARDS<\/h2>\n\n\n\n<ul class=\"wp-block-list\">\n<li><em>MasterCard (excluding debit or prepaid cards)<\/em><\/li>\n\n\n\n<li><em>Visa (excluding prepaid cards)<\/em><\/li>\n\n\n\n<li><em>Debit card is not accepted except for the exceptions below<\/em><\/li>\n\n\n\n<li><em>NOT ACCEPTED: No other type of payment will be accepted<\/em><\/li>\n<\/ul>\n\n\n\n<p class=\"has-text-align-justify\"><em><strong>A deposit of 250\/500 or 2500 \u20ac will be blocked on your account for the duration of the rental. This deposit is a guarantee in case of damage or theft of the cycle. This amount will be automatically canceled in the absence of theft or loss during the rental period. Please note that this is not equivalent to the total amount of liability incurred in the event of a claim.<\/strong><\/em><\/p>\n\n\n\n<p class=\"has-text-align-justify\"><em><strong>Important:<\/strong> Only credit cards are accepted. Please contact your bank to make sure your credit card is a credit card and not a debit card.<\/em><\/p>\n\n\n\n<p class=\"has-text-align-justify\"><em>A valid credit card with the name and surname of the tenant must be presented to the rental store to pre-authorize \/ debit a deposit. The credit card (s) must be embossed and a PIN code may be required.<\/em><\/p>\n\n\n\n<p class=\"has-text-align-justify\"><em>If you do not present a valid credit card, if your supply is insufficient or if the credit card is not in the name and surname of the main driver, the store may refuse to give you the cycle. In this case, no payment already made will be refunded.<\/em><\/p>\n\n\n<\/div>\n<\/div>\n","protected":false},"excerpt":{"rendered":"<p>IMPORTANT Location sous r\u00e9serve de disponibilit\u00e9. Toute r\u00e9servation valid\u00e9e est due. Toute demande de location devra \u00eatre formul\u00e9e 48H \u00e0 l\u2019avance.Toute modification dans les 48h pr\u00e9c\u00e9dent la location sera factur\u00e9e 15 \u20ac. Les locations sont uniquement disponibles dans votre magasin La Roue Libre Nice au 20 Boulevard Arm\u00e9e des Alpes. IMPORTANT Rent subject to availability. [&hellip;]<\/p>\n","protected":false},"author":1,"featured_media":0,"parent":16035,"menu_order":0,"comment_status":"closed","ping_status":"closed","template":"","meta":{"jetpack_post_was_ever_published":false,"footnotes":""},"class_list":["post-16065","page","type-page","status-publish"],"yoast_head":"<!-- This site is optimized with the Yoast SEO plugin v26.5 - https:\/\/yoast.com\/wordpress\/plugins\/seo\/ -->\n<title>R\u00e9servation - La Roue Libre<\/title>\n<meta name=\"robots\" content=\"index, follow, max-snippet:-1, max-image-preview:large, max-video-preview:-1\" \/>\n<link rel=\"canonical\" href=\"https:\/\/www.larouelibre.fr\/blog\/location\/reservation\/\" \/>\n<meta property=\"og:locale\" content=\"fr_FR\" \/>\n<meta property=\"og:type\" content=\"article\" \/>\n<meta property=\"og:title\" content=\"R\u00e9servation - La Roue Libre\" \/>\n<meta property=\"og:description\" content=\"IMPORTANT Location sous r\u00e9serve de disponibilit\u00e9. Toute r\u00e9servation valid\u00e9e est due. Toute demande de location devra \u00eatre formul\u00e9e 48H \u00e0 l\u2019avance.Toute modification dans les 48h pr\u00e9c\u00e9dent la location sera factur\u00e9e 15 \u20ac. Les locations sont uniquement disponibles dans votre magasin La Roue Libre Nice au 20 Boulevard Arm\u00e9e des Alpes. IMPORTANT Rent subject to availability. [&hellip;]\" \/>\n<meta property=\"og:url\" content=\"https:\/\/www.larouelibre.fr\/blog\/location\/reservation\/\" \/>\n<meta property=\"og:site_name\" content=\"La Roue Libre\" \/>\n<meta property=\"article:modified_time\" content=\"2023-06-12T08:19:33+00:00\" \/>\n<meta name=\"twitter:card\" content=\"summary_large_image\" \/>\n<meta name=\"twitter:label1\" content=\"Dur\u00e9e de lecture estim\u00e9e\" \/>\n\t<meta name=\"twitter:data1\" content=\"4 minutes\" \/>\n<script type=\"application\/ld+json\" class=\"yoast-schema-graph\">{\"@context\":\"https:\/\/schema.org\",\"@graph\":[{\"@type\":\"WebPage\",\"@id\":\"https:\/\/www.larouelibre.fr\/blog\/location\/reservation\/\",\"url\":\"https:\/\/www.larouelibre.fr\/blog\/location\/reservation\/\",\"name\":\"R\u00e9servation - La Roue Libre\",\"isPartOf\":{\"@id\":\"https:\/\/www.larouelibre.fr\/blog\/#website\"},\"datePublished\":\"2017-05-18T10:55:38+00:00\",\"dateModified\":\"2023-06-12T08:19:33+00:00\",\"breadcrumb\":{\"@id\":\"https:\/\/www.larouelibre.fr\/blog\/location\/reservation\/#breadcrumb\"},\"inLanguage\":\"fr-FR\",\"potentialAction\":[{\"@type\":\"ReadAction\",\"target\":[\"https:\/\/www.larouelibre.fr\/blog\/location\/reservation\/\"]}]},{\"@type\":\"BreadcrumbList\",\"@id\":\"https:\/\/www.larouelibre.fr\/blog\/location\/reservation\/#breadcrumb\",\"itemListElement\":[{\"@type\":\"ListItem\",\"position\":1,\"name\":\"Accueil\",\"item\":\"https:\/\/www.larouelibre.fr\/blog\/\"},{\"@type\":\"ListItem\",\"position\":2,\"name\":\"Location | Hire\",\"item\":\"https:\/\/www.larouelibre.fr\/blog\/location\/\"},{\"@type\":\"ListItem\",\"position\":3,\"name\":\"R\u00e9servation\"}]},{\"@type\":\"WebSite\",\"@id\":\"https:\/\/www.larouelibre.fr\/blog\/#website\",\"url\":\"https:\/\/www.larouelibre.fr\/blog\/\",\"name\":\"La Roue Libre\",\"description\":\"Votre sp\u00e9cialiste cycle, v\u00e9lo \u00e9lectrique, vtt, v\u00e9lo route \u00e0 Nice et cagnes sur mer\",\"potentialAction\":[{\"@type\":\"SearchAction\",\"target\":{\"@type\":\"EntryPoint\",\"urlTemplate\":\"https:\/\/www.larouelibre.fr\/blog\/?s={search_term_string}\"},\"query-input\":{\"@type\":\"PropertyValueSpecification\",\"valueRequired\":true,\"valueName\":\"search_term_string\"}}],\"inLanguage\":\"fr-FR\"}]}<\/script>\n<!-- \/ Yoast SEO plugin. -->","yoast_head_json":{"title":"R\u00e9servation - La Roue Libre","robots":{"index":"index","follow":"follow","max-snippet":"max-snippet:-1","max-image-preview":"max-image-preview:large","max-video-preview":"max-video-preview:-1"},"canonical":"https:\/\/www.larouelibre.fr\/blog\/location\/reservation\/","og_locale":"fr_FR","og_type":"article","og_title":"R\u00e9servation - La Roue Libre","og_description":"IMPORTANT Location sous r\u00e9serve de disponibilit\u00e9. Toute r\u00e9servation valid\u00e9e est due. Toute demande de location devra \u00eatre formul\u00e9e 48H \u00e0 l\u2019avance.Toute modification dans les 48h pr\u00e9c\u00e9dent la location sera factur\u00e9e 15 \u20ac. Les locations sont uniquement disponibles dans votre magasin La Roue Libre Nice au 20 Boulevard Arm\u00e9e des Alpes. IMPORTANT Rent subject to availability. [&hellip;]","og_url":"https:\/\/www.larouelibre.fr\/blog\/location\/reservation\/","og_site_name":"La Roue Libre","article_modified_time":"2023-06-12T08:19:33+00:00","twitter_card":"summary_large_image","twitter_misc":{"Dur\u00e9e de lecture estim\u00e9e":"4 minutes"},"schema":{"@context":"https:\/\/schema.org","@graph":[{"@type":"WebPage","@id":"https:\/\/www.larouelibre.fr\/blog\/location\/reservation\/","url":"https:\/\/www.larouelibre.fr\/blog\/location\/reservation\/","name":"R\u00e9servation - La Roue Libre","isPartOf":{"@id":"https:\/\/www.larouelibre.fr\/blog\/#website"},"datePublished":"2017-05-18T10:55:38+00:00","dateModified":"2023-06-12T08:19:33+00:00","breadcrumb":{"@id":"https:\/\/www.larouelibre.fr\/blog\/location\/reservation\/#breadcrumb"},"inLanguage":"fr-FR","potentialAction":[{"@type":"ReadAction","target":["https:\/\/www.larouelibre.fr\/blog\/location\/reservation\/"]}]},{"@type":"BreadcrumbList","@id":"https:\/\/www.larouelibre.fr\/blog\/location\/reservation\/#breadcrumb","itemListElement":[{"@type":"ListItem","position":1,"name":"Accueil","item":"https:\/\/www.larouelibre.fr\/blog\/"},{"@type":"ListItem","position":2,"name":"Location | Hire","item":"https:\/\/www.larouelibre.fr\/blog\/location\/"},{"@type":"ListItem","position":3,"name":"R\u00e9servation"}]},{"@type":"WebSite","@id":"https:\/\/www.larouelibre.fr\/blog\/#website","url":"https:\/\/www.larouelibre.fr\/blog\/","name":"La Roue Libre","description":"Votre sp\u00e9cialiste cycle, v\u00e9lo \u00e9lectrique, vtt, v\u00e9lo route \u00e0 Nice et cagnes sur mer","potentialAction":[{"@type":"SearchAction","target":{"@type":"EntryPoint","urlTemplate":"https:\/\/www.larouelibre.fr\/blog\/?s={search_term_string}"},"query-input":{"@type":"PropertyValueSpecification","valueRequired":true,"valueName":"search_term_string"}}],"inLanguage":"fr-FR"}]}},"jetpack_sharing_enabled":true,"jetpack_shortlink":"https:\/\/wp.me\/P7po7v-4b7","jetpack-related-posts":[{"id":16055,"url":"https:\/\/www.larouelibre.fr\/blog\/location\/conditions\/","url_meta":{"origin":16065,"position":0},"title":"Conditions","author":"La Roue Libre","date":"18 mai 2017","format":false,"excerpt":"NOS TARIFS \u2013 OUR PRICES Retrouvez l\u2019ensemble de nos tarifs et mod\u00e8les sur cette page. Find all of our prices and models on this page. Toute r\u00e9servation valid\u00e9e est due. Toute demande de location devra \u00eatre formul\u00e9e 48H \u00e0 l\u2019avance.Toute modification dans les 48h pr\u00e9c\u00e9dent la location sera factur\u00e9e 15\u2026","rel":"","context":"Article similaire","block_context":{"text":"Article similaire","link":""},"img":{"alt_text":"","src":"","width":0,"height":0},"classes":[]},{"id":15969,"url":"https:\/\/www.larouelibre.fr\/blog\/location-vtt-electrique-nice\/","url_meta":{"origin":16065,"position":1},"title":"Location VAE Electric Bike Hire","author":"La Roue Libre","date":"13 avril 2017","format":false,"excerpt":"Vous souhaitez louer un VTT \u00e9lectrique pour essayer ou simplement pour passer un week-end en montagne? C'est possible! En location \u00e0 partir de 80 euros, les Cube Stereo Hybrid One 77 sont disponibles en plusieurs tailles. Et bonne nouvelle, si apr\u00e8s cette location vous d\u00e9cidez d'acheter un v\u00e9lo \u00e9lectrique neuf\u2026","rel":"","context":"Article similaire","block_context":{"text":"Article similaire","link":""},"img":{"alt_text":"","src":"https:\/\/i0.wp.com\/www.larouelibre.fr\/blog\/wp-content\/uploads\/2025\/06\/synqup_803400_360I_00_1920x1920-1.jpg?resize=350%2C200&ssl=1","width":350,"height":200,"srcset":"https:\/\/i0.wp.com\/www.larouelibre.fr\/blog\/wp-content\/uploads\/2025\/06\/synqup_803400_360I_00_1920x1920-1.jpg?resize=350%2C200&ssl=1 1x, https:\/\/i0.wp.com\/www.larouelibre.fr\/blog\/wp-content\/uploads\/2025\/06\/synqup_803400_360I_00_1920x1920-1.jpg?resize=525%2C300&ssl=1 1.5x, https:\/\/i0.wp.com\/www.larouelibre.fr\/blog\/wp-content\/uploads\/2025\/06\/synqup_803400_360I_00_1920x1920-1.jpg?resize=700%2C400&ssl=1 2x"},"classes":[]},{"id":16052,"url":"https:\/\/www.larouelibre.fr\/blog\/location\/nos-tarifs\/","url_meta":{"origin":16065,"position":2},"title":"Nos Tarifs","author":"La Roue Libre","date":"18 mai 2017","format":false,"excerpt":"Est inclus dans la location d\u2019un v\u00e9lo \u2013 Is included in the rent a bike: Une pompe \u2013 pump \u00a0Un kit de r\u00e9paration \u2013 repair Kit \u00a0Une paire de p\u00e9dales plates ou automatique \u2013 A pair of pedals flat or automatic Les p\u00e9dales automatiques disponibles sont des Look Delta ou\u2026","rel":"","context":"Article similaire","block_context":{"text":"Article similaire","link":""},"img":{"alt_text":"","src":"https:\/\/i0.wp.com\/www.larouelibre.fr\/blog\/wp-content\/uploads\/2025\/06\/tableau_tarifs_2025_one77-scaled.jpg?resize=350%2C200&ssl=1","width":350,"height":200,"srcset":"https:\/\/i0.wp.com\/www.larouelibre.fr\/blog\/wp-content\/uploads\/2025\/06\/tableau_tarifs_2025_one77-scaled.jpg?resize=350%2C200&ssl=1 1x, https:\/\/i0.wp.com\/www.larouelibre.fr\/blog\/wp-content\/uploads\/2025\/06\/tableau_tarifs_2025_one77-scaled.jpg?resize=525%2C300&ssl=1 1.5x, https:\/\/i0.wp.com\/www.larouelibre.fr\/blog\/wp-content\/uploads\/2025\/06\/tableau_tarifs_2025_one77-scaled.jpg?resize=700%2C400&ssl=1 2x, https:\/\/i0.wp.com\/www.larouelibre.fr\/blog\/wp-content\/uploads\/2025\/06\/tableau_tarifs_2025_one77-scaled.jpg?resize=1050%2C600&ssl=1 3x, https:\/\/i0.wp.com\/www.larouelibre.fr\/blog\/wp-content\/uploads\/2025\/06\/tableau_tarifs_2025_one77-scaled.jpg?resize=1400%2C800&ssl=1 4x"},"classes":[]},{"id":16046,"url":"https:\/\/www.larouelibre.fr\/blog\/location\/nos-modeles\/","url_meta":{"origin":16065,"position":3},"title":"Nos mod\u00e8les","author":"La Roue Libre","date":"18 mai 2017","format":false,"excerpt":"La Roue Libre met \u00e0 votre disposition un programme de location de cycles. Vous pouvez ainsi louer un v\u00e9lo de route ou un vtt \u00e9lectrique par jour ou \u00e0 la semaine! Un Lapierre Xelius SL et des Cube Stereo Hybrid One 77 sont mis \u00e0 votre disposition. Et nouveaut\u00e9 cette\u2026","rel":"","context":"Article similaire","block_context":{"text":"Article similaire","link":""},"img":{"alt_text":"","src":"https:\/\/i0.wp.com\/www.larouelibre.fr\/blog\/wp-content\/uploads\/2025\/06\/synqup_803400_360I_00_1920x1920-2.jpg?resize=350%2C200&ssl=1","width":350,"height":200,"srcset":"https:\/\/i0.wp.com\/www.larouelibre.fr\/blog\/wp-content\/uploads\/2025\/06\/synqup_803400_360I_00_1920x1920-2.jpg?resize=350%2C200&ssl=1 1x, https:\/\/i0.wp.com\/www.larouelibre.fr\/blog\/wp-content\/uploads\/2025\/06\/synqup_803400_360I_00_1920x1920-2.jpg?resize=525%2C300&ssl=1 1.5x, https:\/\/i0.wp.com\/www.larouelibre.fr\/blog\/wp-content\/uploads\/2025\/06\/synqup_803400_360I_00_1920x1920-2.jpg?resize=700%2C400&ssl=1 2x"},"classes":[]},{"id":16035,"url":"https:\/\/www.larouelibre.fr\/blog\/location\/","url_meta":{"origin":16065,"position":4},"title":"Location | Hire","author":"La Roue Libre","date":"27 avril 2017","format":false,"excerpt":"La Roue Libre met \u00e0 votre disposition un programme de location de cycles. Vous pouvez ainsi louer un v\u00e9lo de route ou un vtt \u00e9lectrique par jour ou \u00e0 la semaine! Un Lapierre Xelius SL et des Cube Stereo Hybrid One 77 ainsi que des valises de transport sont mis\u2026","rel":"","context":"Article similaire","block_context":{"text":"Article similaire","link":""},"img":{"alt_text":"","src":"","width":0,"height":0},"classes":[]},{"id":18846,"url":"https:\/\/www.larouelibre.fr\/blog\/livraison\/","url_meta":{"origin":16065,"position":5},"title":"Livraison","author":"La Roue Libre","date":"30 mars 2018","format":false,"excerpt":"La Roue libre fait confiance \u00e0 La Poste pour la livraison de ses colis via Colissimo ou lettre suivie pour les petits objets (hors envoi de v\u00e9lo). Une fois le colis pr\u00e9par\u00e9 par nos soins, il vous sera livr\u00e9 dans un d\u00e9lai indicatif de 48h et remis dans votre bo\u00eete\u2026","rel":"","context":"Article similaire","block_context":{"text":"Article similaire","link":""},"img":{"alt_text":"","src":"","width":0,"height":0},"classes":[]}],"_links":{"self":[{"href":"https:\/\/www.larouelibre.fr\/blog\/wp-json\/wp\/v2\/pages\/16065","targetHints":{"allow":["GET"]}}],"collection":[{"href":"https:\/\/www.larouelibre.fr\/blog\/wp-json\/wp\/v2\/pages"}],"about":[{"href":"https:\/\/www.larouelibre.fr\/blog\/wp-json\/wp\/v2\/types\/page"}],"author":[{"embeddable":true,"href":"https:\/\/www.larouelibre.fr\/blog\/wp-json\/wp\/v2\/users\/1"}],"replies":[{"embeddable":true,"href":"https:\/\/www.larouelibre.fr\/blog\/wp-json\/wp\/v2\/comments?post=16065"}],"version-history":[{"count":39,"href":"https:\/\/www.larouelibre.fr\/blog\/wp-json\/wp\/v2\/pages\/16065\/revisions"}],"predecessor-version":[{"id":22927,"href":"https:\/\/www.larouelibre.fr\/blog\/wp-json\/wp\/v2\/pages\/16065\/revisions\/22927"}],"up":[{"embeddable":true,"href":"https:\/\/www.larouelibre.fr\/blog\/wp-json\/wp\/v2\/pages\/16035"}],"wp:attachment":[{"href":"https:\/\/www.larouelibre.fr\/blog\/wp-json\/wp\/v2\/media?parent=16065"}],"curies":[{"name":"wp","href":"https:\/\/api.w.org\/{rel}","templated":true}]}}