{"id":15969,"date":"2017-04-13T17:05:03","date_gmt":"2017-04-13T15:05:03","guid":{"rendered":"http:\/\/localhost\/larouelibreNew\/?page_id=15969"},"modified":"2026-01-30T10:50:08","modified_gmt":"2026-01-30T09:50:08","slug":"location-vtt-electrique-nice","status":"publish","type":"page","link":"https:\/\/www.larouelibre.fr\/blog\/location-vtt-electrique-nice\/","title":{"rendered":"Location VAE Electric Bike Hire"},"content":{"rendered":"\n<p class=\"has-text-align-justify\">Vous souhaitez louer un <strong>VTT<\/strong> \u00e9lectrique pour essayer ou simplement pour passer un week-end en montagne? C&rsquo;est possible! En location \u00e0 partir de 80 euros, les Cube Stereo Hybrid One 77 sont disponibles en plusieurs tailles. Et bonne nouvelle, si apr\u00e8s cette location vous d\u00e9cidez d&rsquo;acheter un v\u00e9lo \u00e9lectrique neuf dans un de nos magasins, votre journ\u00e9e de location vous sera d\u00e9duite de votre achat!<\/p>\n\n\n\n<h2 class=\"wp-block-heading has-text-align-center\">NOS VTT ELECTRIQUES A LOUER A NICE<\/h2>\n\n\n\n<hr class=\"wp-block-separator has-alpha-channel-opacity\"\/>\n\n\n\n<h2 class=\"wp-block-heading has-text-align-center\"><strong>CUBE STEREO HYBRID ONE77 HPC TM 800<\/strong><\/h2>\n\n\n<div class=\"wp-block-image\">\n<figure class=\"aligncenter size-full\"><img data-recalc-dims=\"1\" loading=\"lazy\" decoding=\"async\" width=\"696\" height=\"278\" data-attachment-id=\"23284\" data-permalink=\"https:\/\/www.larouelibre.fr\/blog\/location-vtt-electrique-nice\/synqup_803400_360i_00_1920x1920-2\/\" data-orig-file=\"https:\/\/i0.wp.com\/www.larouelibre.fr\/blog\/wp-content\/uploads\/2025\/06\/synqup_803400_360I_00_1920x1920-1.jpg?fit=1000%2C399&amp;ssl=1\" data-orig-size=\"1000,399\" data-comments-opened=\"1\" data-image-meta=\"{&quot;aperture&quot;:&quot;0&quot;,&quot;credit&quot;:&quot;&quot;,&quot;camera&quot;:&quot;&quot;,&quot;caption&quot;:&quot;&quot;,&quot;created_timestamp&quot;:&quot;0&quot;,&quot;copyright&quot;:&quot;www.larsscharlphoto.com&quot;,&quot;focal_length&quot;:&quot;0&quot;,&quot;iso&quot;:&quot;0&quot;,&quot;shutter_speed&quot;:&quot;0&quot;,&quot;title&quot;:&quot;&quot;,&quot;orientation&quot;:&quot;0&quot;}\" data-image-title=\"synqup_803400_360I_00_1920x1920\" data-image-description=\"\" data-image-caption=\"\" data-medium-file=\"https:\/\/i0.wp.com\/www.larouelibre.fr\/blog\/wp-content\/uploads\/2025\/06\/synqup_803400_360I_00_1920x1920-1.jpg?fit=800%2C319&amp;ssl=1\" data-large-file=\"https:\/\/i0.wp.com\/www.larouelibre.fr\/blog\/wp-content\/uploads\/2025\/06\/synqup_803400_360I_00_1920x1920-1.jpg?fit=696%2C278&amp;ssl=1\" src=\"https:\/\/i0.wp.com\/www.larouelibre.fr\/blog\/wp-content\/uploads\/2025\/06\/synqup_803400_360I_00_1920x1920-1.jpg?resize=696%2C278&#038;ssl=1\" alt=\"\" class=\"wp-image-23284\" srcset=\"https:\/\/i0.wp.com\/www.larouelibre.fr\/blog\/wp-content\/uploads\/2025\/06\/synqup_803400_360I_00_1920x1920-1.jpg?w=1000&amp;ssl=1 1000w, https:\/\/i0.wp.com\/www.larouelibre.fr\/blog\/wp-content\/uploads\/2025\/06\/synqup_803400_360I_00_1920x1920-1.jpg?resize=800%2C319&amp;ssl=1 800w, https:\/\/i0.wp.com\/www.larouelibre.fr\/blog\/wp-content\/uploads\/2025\/06\/synqup_803400_360I_00_1920x1920-1.jpg?resize=768%2C306&amp;ssl=1 768w, https:\/\/i0.wp.com\/www.larouelibre.fr\/blog\/wp-content\/uploads\/2025\/06\/synqup_803400_360I_00_1920x1920-1.jpg?resize=696%2C278&amp;ssl=1 696w\" sizes=\"auto, (max-width: 696px) 100vw, 696px\" \/><\/figure>\n<\/div>\n\n\n<p class=\"has-text-align-center\"><strong>Tarifs \/ <em>prices<\/em>:<\/strong> \u00e0 partir de 80\u20ac par jour \/ From 80\u20ac per day &#8211; <a href=\"http:\/\/www.larouelibre.fr\/blog\/location\/nos-tarifs\/\" target=\"_blank\" rel=\"noreferrer noopener\">Tous les tarifs \/ All rates<\/a><\/p>\n\n\n\n<p class=\"has-text-align-center\"><strong>Tailles disponibles \/<em> Sizes available<\/em>:<\/strong> S &#8211; L<\/p>\n\n\n\n<p class=\"has-text-align-center\"><strong>Caract\u00e9ristiques techniques \/ <em>Technical characteristics<\/em> :<\/strong> <a href=\"https:\/\/www.larouelibre.fr\/velo-electrique\/vtt-electrique\/cube\/stereo-hybrid\/stereo-hybrid-one-77\/24001-31147-cube-stereo-hybrid-one77-hpc-tm-800-dustyolive-n-gold-2025.html#\/29-taille_velo-m\/145-disponibilite_magasin-la_roue_libre_nice\" target=\"_blank\" rel=\"noreferrer noopener\">cliquer ici<\/a><\/p>\n\n\n\n<div style=\"height:50px\" aria-hidden=\"true\" class=\"wp-block-spacer\"><\/div>\n\n\n\n<div style=\"height:40px\" aria-hidden=\"true\" class=\"wp-block-spacer\"><\/div>\n\n\n\n<div style=\"height:71px\" aria-hidden=\"true\" class=\"wp-block-spacer\"><\/div>\n\n\n\n<p class=\"has-text-align-justify\">Pour r\u00e9server, il vous suffit de remplir <a href=\"http:\/\/www.larouelibre.fr\/blog\/location\/reservation\/\" target=\"_blank\" rel=\"noreferrer noopener\">ce formulaire<\/a> en indiquant quel <strong>vtt<\/strong> vous souhaitez louer. Une personne vous \u00e9crira en retour pour valider votre r\u00e9servation. Tous les paiements seront effectu\u00e9s en magasin directement! <strong>Les locations sont uniquement disponibles dans votre magasin La Roue Libre Nice au 20 Boulevard Arm\u00e9e des Alpes.<\/strong><\/p>\n\n\n\n<p class=\"has-text-align-justify\">To book, complete&nbsp;<a href=\"http:\/\/www.larouelibre.fr\/blog\/location\/reservation\/\" target=\"_blank\" rel=\"noreferrer noopener\">this form<\/a>&nbsp;indicating which bike you would like to rent. A person will write you in return to confirm your reservation. All payments will be made in our bike shop directly! <strong>Rentals are only available in your La Roue Libre Nice store at 20 Boulevard Arm\u00e9e des Alpes.<\/strong><\/p>\n\n\n\n<div style=\"height:26px\" aria-hidden=\"true\" class=\"wp-block-spacer\"><\/div>\n\n\n\n<div class=\"wp-block-buttons is-layout-flex wp-block-buttons-is-layout-flex\">\n<div class=\"wp-block-button aligncenter\"><a class=\"wp-block-button__link wp-element-button\" href=\"http:\/\/www.larouelibre.fr\/blog\/location\/reservation\/\" target=\"_blank\" rel=\"noreferrer noopener\">RESERVEZ VOTRE VELO I BOOK YOUR BIKE<\/a><\/div>\n<\/div>\n","protected":false},"excerpt":{"rendered":"<p>Vous souhaitez louer un VTT \u00e9lectrique pour essayer ou simplement pour passer un week-end en montagne? C&rsquo;est possible! En location \u00e0 partir de 80 euros, les Cube Stereo Hybrid One 77 sont disponibles en plusieurs tailles. Et bonne nouvelle, si apr\u00e8s cette location vous d\u00e9cidez d&rsquo;acheter un v\u00e9lo \u00e9lectrique neuf dans un de nos magasins, [&hellip;]<\/p>\n","protected":false},"author":1,"featured_media":0,"parent":0,"menu_order":0,"comment_status":"closed","ping_status":"closed","template":"","meta":{"jetpack_post_was_ever_published":false,"footnotes":""},"class_list":["post-15969","page","type-page","status-publish"],"yoast_head":"<!-- This site is optimized with the Yoast SEO plugin v26.5 - https:\/\/yoast.com\/wordpress\/plugins\/seo\/ -->\n<title>Location VTT \u00e9lectrique \u00e0 Nice | MTBe Location Vtt Electrique Nice<\/title>\n<meta name=\"description\" content=\"Vous souhaitez louer un VTT \u00e9lectrique \u00e0 Nice ? Magasin de location de v\u00e9lo \u00e9lectrique, MTB, enduro et all montain \u00e0 Nice.\" \/>\n<meta name=\"robots\" content=\"index, follow, max-snippet:-1, max-image-preview:large, max-video-preview:-1\" \/>\n<link rel=\"canonical\" href=\"https:\/\/www.larouelibre.fr\/blog\/location-vtt-electrique-nice\/\" \/>\n<meta property=\"og:locale\" content=\"fr_FR\" \/>\n<meta property=\"og:type\" content=\"article\" \/>\n<meta property=\"og:title\" content=\"Location VTT \u00e9lectrique \u00e0 Nice | MTBe Location Vtt Electrique Nice\" \/>\n<meta property=\"og:description\" content=\"Vous souhaitez louer un VTT \u00e9lectrique \u00e0 Nice ? Magasin de location de v\u00e9lo \u00e9lectrique, MTB, enduro et all montain \u00e0 Nice.\" \/>\n<meta property=\"og:url\" content=\"https:\/\/www.larouelibre.fr\/blog\/location-vtt-electrique-nice\/\" \/>\n<meta property=\"og:site_name\" content=\"La Roue Libre\" \/>\n<meta property=\"article:modified_time\" content=\"2026-01-30T09:50:08+00:00\" \/>\n<meta property=\"og:image\" content=\"https:\/\/www.larouelibre.fr\/blog\/wp-content\/uploads\/2025\/06\/synqup_803400_360I_00_1920x1920-1.jpg\" \/>\n<meta name=\"twitter:card\" content=\"summary_large_image\" \/>\n<meta name=\"twitter:label1\" content=\"Dur\u00e9e de lecture estim\u00e9e\" \/>\n\t<meta name=\"twitter:data1\" content=\"2 minutes\" \/>\n<script type=\"application\/ld+json\" class=\"yoast-schema-graph\">{\"@context\":\"https:\/\/schema.org\",\"@graph\":[{\"@type\":\"WebPage\",\"@id\":\"https:\/\/www.larouelibre.fr\/blog\/location-vtt-electrique-nice\/\",\"url\":\"https:\/\/www.larouelibre.fr\/blog\/location-vtt-electrique-nice\/\",\"name\":\"Location VTT \u00e9lectrique \u00e0 Nice | MTBe Location Vtt Electrique Nice\",\"isPartOf\":{\"@id\":\"https:\/\/www.larouelibre.fr\/blog\/#website\"},\"primaryImageOfPage\":{\"@id\":\"https:\/\/www.larouelibre.fr\/blog\/location-vtt-electrique-nice\/#primaryimage\"},\"image\":{\"@id\":\"https:\/\/www.larouelibre.fr\/blog\/location-vtt-electrique-nice\/#primaryimage\"},\"thumbnailUrl\":\"https:\/\/www.larouelibre.fr\/blog\/wp-content\/uploads\/2025\/06\/synqup_803400_360I_00_1920x1920-1.jpg\",\"datePublished\":\"2017-04-13T15:05:03+00:00\",\"dateModified\":\"2026-01-30T09:50:08+00:00\",\"description\":\"Vous souhaitez louer un VTT \u00e9lectrique \u00e0 Nice ? Magasin de location de v\u00e9lo \u00e9lectrique, MTB, enduro et all montain \u00e0 Nice.\",\"breadcrumb\":{\"@id\":\"https:\/\/www.larouelibre.fr\/blog\/location-vtt-electrique-nice\/#breadcrumb\"},\"inLanguage\":\"fr-FR\",\"potentialAction\":[{\"@type\":\"ReadAction\",\"target\":[\"https:\/\/www.larouelibre.fr\/blog\/location-vtt-electrique-nice\/\"]}]},{\"@type\":\"ImageObject\",\"inLanguage\":\"fr-FR\",\"@id\":\"https:\/\/www.larouelibre.fr\/blog\/location-vtt-electrique-nice\/#primaryimage\",\"url\":\"https:\/\/i0.wp.com\/www.larouelibre.fr\/blog\/wp-content\/uploads\/2025\/06\/synqup_803400_360I_00_1920x1920-1.jpg?fit=1000%2C399&ssl=1\",\"contentUrl\":\"https:\/\/i0.wp.com\/www.larouelibre.fr\/blog\/wp-content\/uploads\/2025\/06\/synqup_803400_360I_00_1920x1920-1.jpg?fit=1000%2C399&ssl=1\",\"width\":1000,\"height\":399},{\"@type\":\"BreadcrumbList\",\"@id\":\"https:\/\/www.larouelibre.fr\/blog\/location-vtt-electrique-nice\/#breadcrumb\",\"itemListElement\":[{\"@type\":\"ListItem\",\"position\":1,\"name\":\"Accueil\",\"item\":\"https:\/\/www.larouelibre.fr\/blog\/\"},{\"@type\":\"ListItem\",\"position\":2,\"name\":\"Location VAE Electric Bike Hire\"}]},{\"@type\":\"WebSite\",\"@id\":\"https:\/\/www.larouelibre.fr\/blog\/#website\",\"url\":\"https:\/\/www.larouelibre.fr\/blog\/\",\"name\":\"La Roue Libre\",\"description\":\"Votre sp\u00e9cialiste cycle, v\u00e9lo \u00e9lectrique, vtt, v\u00e9lo route \u00e0 Nice et cagnes sur mer\",\"potentialAction\":[{\"@type\":\"SearchAction\",\"target\":{\"@type\":\"EntryPoint\",\"urlTemplate\":\"https:\/\/www.larouelibre.fr\/blog\/?s={search_term_string}\"},\"query-input\":{\"@type\":\"PropertyValueSpecification\",\"valueRequired\":true,\"valueName\":\"search_term_string\"}}],\"inLanguage\":\"fr-FR\"}]}<\/script>\n<!-- \/ Yoast SEO plugin. -->","yoast_head_json":{"title":"Location VTT \u00e9lectrique \u00e0 Nice | MTBe Location Vtt Electrique Nice","description":"Vous souhaitez louer un VTT \u00e9lectrique \u00e0 Nice ? Magasin de location de v\u00e9lo \u00e9lectrique, MTB, enduro et all montain \u00e0 Nice.","robots":{"index":"index","follow":"follow","max-snippet":"max-snippet:-1","max-image-preview":"max-image-preview:large","max-video-preview":"max-video-preview:-1"},"canonical":"https:\/\/www.larouelibre.fr\/blog\/location-vtt-electrique-nice\/","og_locale":"fr_FR","og_type":"article","og_title":"Location VTT \u00e9lectrique \u00e0 Nice | MTBe Location Vtt Electrique Nice","og_description":"Vous souhaitez louer un VTT \u00e9lectrique \u00e0 Nice ? Magasin de location de v\u00e9lo \u00e9lectrique, MTB, enduro et all montain \u00e0 Nice.","og_url":"https:\/\/www.larouelibre.fr\/blog\/location-vtt-electrique-nice\/","og_site_name":"La Roue Libre","article_modified_time":"2026-01-30T09:50:08+00:00","og_image":[{"url":"https:\/\/www.larouelibre.fr\/blog\/wp-content\/uploads\/2025\/06\/synqup_803400_360I_00_1920x1920-1.jpg","type":"","width":"","height":""}],"twitter_card":"summary_large_image","twitter_misc":{"Dur\u00e9e de lecture estim\u00e9e":"2 minutes"},"schema":{"@context":"https:\/\/schema.org","@graph":[{"@type":"WebPage","@id":"https:\/\/www.larouelibre.fr\/blog\/location-vtt-electrique-nice\/","url":"https:\/\/www.larouelibre.fr\/blog\/location-vtt-electrique-nice\/","name":"Location VTT \u00e9lectrique \u00e0 Nice | MTBe Location Vtt Electrique Nice","isPartOf":{"@id":"https:\/\/www.larouelibre.fr\/blog\/#website"},"primaryImageOfPage":{"@id":"https:\/\/www.larouelibre.fr\/blog\/location-vtt-electrique-nice\/#primaryimage"},"image":{"@id":"https:\/\/www.larouelibre.fr\/blog\/location-vtt-electrique-nice\/#primaryimage"},"thumbnailUrl":"https:\/\/www.larouelibre.fr\/blog\/wp-content\/uploads\/2025\/06\/synqup_803400_360I_00_1920x1920-1.jpg","datePublished":"2017-04-13T15:05:03+00:00","dateModified":"2026-01-30T09:50:08+00:00","description":"Vous souhaitez louer un VTT \u00e9lectrique \u00e0 Nice ? Magasin de location de v\u00e9lo \u00e9lectrique, MTB, enduro et all montain \u00e0 Nice.","breadcrumb":{"@id":"https:\/\/www.larouelibre.fr\/blog\/location-vtt-electrique-nice\/#breadcrumb"},"inLanguage":"fr-FR","potentialAction":[{"@type":"ReadAction","target":["https:\/\/www.larouelibre.fr\/blog\/location-vtt-electrique-nice\/"]}]},{"@type":"ImageObject","inLanguage":"fr-FR","@id":"https:\/\/www.larouelibre.fr\/blog\/location-vtt-electrique-nice\/#primaryimage","url":"https:\/\/i0.wp.com\/www.larouelibre.fr\/blog\/wp-content\/uploads\/2025\/06\/synqup_803400_360I_00_1920x1920-1.jpg?fit=1000%2C399&ssl=1","contentUrl":"https:\/\/i0.wp.com\/www.larouelibre.fr\/blog\/wp-content\/uploads\/2025\/06\/synqup_803400_360I_00_1920x1920-1.jpg?fit=1000%2C399&ssl=1","width":1000,"height":399},{"@type":"BreadcrumbList","@id":"https:\/\/www.larouelibre.fr\/blog\/location-vtt-electrique-nice\/#breadcrumb","itemListElement":[{"@type":"ListItem","position":1,"name":"Accueil","item":"https:\/\/www.larouelibre.fr\/blog\/"},{"@type":"ListItem","position":2,"name":"Location VAE Electric Bike Hire"}]},{"@type":"WebSite","@id":"https:\/\/www.larouelibre.fr\/blog\/#website","url":"https:\/\/www.larouelibre.fr\/blog\/","name":"La Roue Libre","description":"Votre sp\u00e9cialiste cycle, v\u00e9lo \u00e9lectrique, vtt, v\u00e9lo route \u00e0 Nice et cagnes sur mer","potentialAction":[{"@type":"SearchAction","target":{"@type":"EntryPoint","urlTemplate":"https:\/\/www.larouelibre.fr\/blog\/?s={search_term_string}"},"query-input":{"@type":"PropertyValueSpecification","valueRequired":true,"valueName":"search_term_string"}}],"inLanguage":"fr-FR"}]}},"jetpack_sharing_enabled":true,"jetpack_shortlink":"https:\/\/wp.me\/P7po7v-49z","jetpack-related-posts":[{"id":16035,"url":"https:\/\/www.larouelibre.fr\/blog\/location\/","url_meta":{"origin":15969,"position":0},"title":"Location | Hire","author":"La Roue Libre","date":"27 avril 2017","format":false,"excerpt":"La Roue Libre met \u00e0 votre disposition un programme de location de cycles. Vous pouvez ainsi louer un v\u00e9lo de route ou un vtt \u00e9lectrique par jour ou \u00e0 la semaine! Un Lapierre Xelius SL et des Cube Stereo Hybrid One 77 ainsi que des valises de transport sont mis\u2026","rel":"","context":"Article similaire","block_context":{"text":"Article similaire","link":""},"img":{"alt_text":"","src":"","width":0,"height":0},"classes":[]},{"id":16046,"url":"https:\/\/www.larouelibre.fr\/blog\/location\/nos-modeles\/","url_meta":{"origin":15969,"position":1},"title":"Nos mod\u00e8les","author":"La Roue Libre","date":"18 mai 2017","format":false,"excerpt":"La Roue Libre met \u00e0 votre disposition un programme de location de cycles. Vous pouvez ainsi louer un v\u00e9lo de route ou un vtt \u00e9lectrique par jour ou \u00e0 la semaine! Un Lapierre Xelius SL et des Cube Stereo Hybrid One 77 sont mis \u00e0 votre disposition. Et nouveaut\u00e9 cette\u2026","rel":"","context":"Article similaire","block_context":{"text":"Article similaire","link":""},"img":{"alt_text":"","src":"https:\/\/i0.wp.com\/www.larouelibre.fr\/blog\/wp-content\/uploads\/2025\/06\/synqup_803400_360I_00_1920x1920-2.jpg?resize=350%2C200&ssl=1","width":350,"height":200,"srcset":"https:\/\/i0.wp.com\/www.larouelibre.fr\/blog\/wp-content\/uploads\/2025\/06\/synqup_803400_360I_00_1920x1920-2.jpg?resize=350%2C200&ssl=1 1x, https:\/\/i0.wp.com\/www.larouelibre.fr\/blog\/wp-content\/uploads\/2025\/06\/synqup_803400_360I_00_1920x1920-2.jpg?resize=525%2C300&ssl=1 1.5x, https:\/\/i0.wp.com\/www.larouelibre.fr\/blog\/wp-content\/uploads\/2025\/06\/synqup_803400_360I_00_1920x1920-2.jpg?resize=700%2C400&ssl=1 2x"},"classes":[]},{"id":15932,"url":"https:\/\/www.larouelibre.fr\/blog\/velo-electrique\/","url_meta":{"origin":15969,"position":2},"title":"Electrique","author":"La Roue Libre","date":"13 avril 2017","format":false,"excerpt":"V\u00e9hicule id\u00e9al pour les d\u00e9placements urbains et interurbains, le v\u00e9lo \u00e9lectrique est en plein d\u00e9veloppement. Il est maintenant fiable et poss\u00e8de une grande autonomie pour les derniers mod\u00e8les (actuellement de 60 \u00e0 120km). Une large gamme est maintenant disponible pour toutes les utilisations allant du v\u00e9lo polyvalent interurbain au vtt.\u2026","rel":"","context":"Article similaire","block_context":{"text":"Article similaire","link":""},"img":{"alt_text":"","src":"","width":0,"height":0},"classes":[]},{"id":15831,"url":"https:\/\/www.larouelibre.fr\/blog\/accueil\/","url_meta":{"origin":15969,"position":3},"title":"Accueil","author":"La Roue Libre","date":"10 avril 2017","format":false,"excerpt":"[ux_banner height=\"120px\" bg=\"22061\" bg_size=\"medium\"] [\/ux_banner] [gap height=\"60px\"] BIENVENUE SUR NOTRE BLOG! Retrouvez toute l'actualit\u00e9 de nos magasins, nos locations v\u00e9los et de nombreuses informations sur le v\u00e9lo \u00e9lectrique! [gap height=\"20px\"] [blog_posts style=\"shade\" type=\"grid\" width=\"full-width\" col_spacing=\"small\"] [ux_banner height=\"326px\" bg=\"22064\" bg_size=\"orginal\" bg_overlay=\"rgba(0, 0, 0, 0.46)\" bg_pos=\"74% 48%\" parallax=\"5\" link=\"https:\/\/www.larouelibre.fr\/166-velo-electrique\"] [text_box width=\"81\" width__sm=\"79\"\u2026","rel":"","context":"Article similaire","block_context":{"text":"Article similaire","link":""},"img":{"alt_text":"","src":"","width":0,"height":0},"classes":[]},{"id":16052,"url":"https:\/\/www.larouelibre.fr\/blog\/location\/nos-tarifs\/","url_meta":{"origin":15969,"position":4},"title":"Nos Tarifs","author":"La Roue Libre","date":"18 mai 2017","format":false,"excerpt":"Est inclus dans la location d\u2019un v\u00e9lo \u2013 Is included in the rent a bike: Une pompe \u2013 pump \u00a0Un kit de r\u00e9paration \u2013 repair Kit \u00a0Une paire de p\u00e9dales plates ou automatique \u2013 A pair of pedals flat or automatic Les p\u00e9dales automatiques disponibles sont des Look Delta ou\u2026","rel":"","context":"Article similaire","block_context":{"text":"Article similaire","link":""},"img":{"alt_text":"","src":"https:\/\/i0.wp.com\/www.larouelibre.fr\/blog\/wp-content\/uploads\/2025\/06\/tableau_tarifs_2025_one77-scaled.jpg?resize=350%2C200&ssl=1","width":350,"height":200,"srcset":"https:\/\/i0.wp.com\/www.larouelibre.fr\/blog\/wp-content\/uploads\/2025\/06\/tableau_tarifs_2025_one77-scaled.jpg?resize=350%2C200&ssl=1 1x, https:\/\/i0.wp.com\/www.larouelibre.fr\/blog\/wp-content\/uploads\/2025\/06\/tableau_tarifs_2025_one77-scaled.jpg?resize=525%2C300&ssl=1 1.5x, https:\/\/i0.wp.com\/www.larouelibre.fr\/blog\/wp-content\/uploads\/2025\/06\/tableau_tarifs_2025_one77-scaled.jpg?resize=700%2C400&ssl=1 2x, https:\/\/i0.wp.com\/www.larouelibre.fr\/blog\/wp-content\/uploads\/2025\/06\/tableau_tarifs_2025_one77-scaled.jpg?resize=1050%2C600&ssl=1 3x, https:\/\/i0.wp.com\/www.larouelibre.fr\/blog\/wp-content\/uploads\/2025\/06\/tableau_tarifs_2025_one77-scaled.jpg?resize=1400%2C800&ssl=1 4x"},"classes":[]},{"id":16139,"url":"https:\/\/www.larouelibre.fr\/blog\/reprise\/","url_meta":{"origin":15969,"position":5},"title":"Reprise","author":"La Roue Libre","date":"18 mai 2017","format":false,"excerpt":"[ux_image id=\"12776\"] [gap height=\"60px\"] Vous voulez changer de v\u00e9lo et ne savez pas quoi faire de votre v\u00e9lo actuel? Il peut vous rapporter de l\u2019argent\u2026 Et oui votre r\u00e9seau de magasins La Roue Libre de Nice \u00e0 Cagnes-sur-mer rach\u00e8te votre v\u00e9lo \u00e0 sa valeur sur le march\u00e9 de l\u2019occasion! VTT,\u2026","rel":"","context":"Article similaire","block_context":{"text":"Article similaire","link":""},"img":{"alt_text":"","src":"","width":0,"height":0},"classes":[]}],"_links":{"self":[{"href":"https:\/\/www.larouelibre.fr\/blog\/wp-json\/wp\/v2\/pages\/15969","targetHints":{"allow":["GET"]}}],"collection":[{"href":"https:\/\/www.larouelibre.fr\/blog\/wp-json\/wp\/v2\/pages"}],"about":[{"href":"https:\/\/www.larouelibre.fr\/blog\/wp-json\/wp\/v2\/types\/page"}],"author":[{"embeddable":true,"href":"https:\/\/www.larouelibre.fr\/blog\/wp-json\/wp\/v2\/users\/1"}],"replies":[{"embeddable":true,"href":"https:\/\/www.larouelibre.fr\/blog\/wp-json\/wp\/v2\/comments?post=15969"}],"version-history":[{"count":34,"href":"https:\/\/www.larouelibre.fr\/blog\/wp-json\/wp\/v2\/pages\/15969\/revisions"}],"predecessor-version":[{"id":23371,"href":"https:\/\/www.larouelibre.fr\/blog\/wp-json\/wp\/v2\/pages\/15969\/revisions\/23371"}],"wp:attachment":[{"href":"https:\/\/www.larouelibre.fr\/blog\/wp-json\/wp\/v2\/media?parent=15969"}],"curies":[{"name":"wp","href":"https:\/\/api.w.org\/{rel}","templated":true}]}}